{"id":1740,"date":"2025-03-19T13:04:04","date_gmt":"2025-03-19T12:04:04","guid":{"rendered":"https:\/\/residenciasantjordi.es\/?page_id=1740"},"modified":"2025-04-14T13:23:33","modified_gmt":"2025-04-14T11:23:33","slug":"politica-de-privacitat","status":"publish","type":"page","link":"https:\/\/residenciasantjordi.es\/ca\/politica-de-privacitat\/","title":{"rendered":"Pol\u00edtica de privacitat"},"content":{"rendered":"<div class=\"fusion-fullwidth fullwidth-box fusion-builder-row-1 fusion-flex-container has-pattern-background has-mask-background nonhundred-percent-fullwidth non-hundred-percent-height-scrolling\" style=\"--link_color: var(--awb-color3);--awb-border-radius-top-left:0px;--awb-border-radius-top-right:0px;--awb-border-radius-bottom-right:0px;--awb-border-radius-bottom-left:0px;--awb-flex-wrap:wrap;\" ><div class=\"fusion-builder-row fusion-row fusion-flex-align-items-flex-start fusion-flex-content-wrap\" style=\"max-width:1612px;margin-left: calc(-4% \/ 2 );margin-right: calc(-4% \/ 2 );\"><div class=\"fusion-layout-column fusion_builder_column fusion-builder-column-0 fusion_builder_column_1_1 1_1 fusion-flex-column\" style=\"--awb-bg-size:cover;--awb-width-large:100%;--awb-margin-top-large:0px;--awb-spacing-right-large:0%;--awb-margin-bottom-large:20px;--awb-spacing-left-large:0%;--awb-width-medium:100%;--awb-order-medium:0;--awb-spacing-right-medium:0%;--awb-spacing-left-medium:0%;--awb-width-small:100%;--awb-order-small:0;--awb-spacing-right-small:1.92%;--awb-spacing-left-small:1.92%;\"><div class=\"fusion-column-wrapper fusion-column-has-shadow fusion-flex-justify-content-flex-start fusion-content-layout-column\"><div class=\"fusion-text fusion-text-1\"><p>Li donem la benvinguda a RESID\u00c8NCIA SANT JORDI, convidant-li a con\u00e8ixer la present Pol\u00edtica de Privacitat amb la finalitat d&#8217;informar-lo de les modalitats de tractament de les seves dades personals i dels seus drets.<\/p>\n<p>RESID\u00c8NCIA SANT JORDI concedeix una gran import\u00e0ncia al respecte de la vida privada i presa totes les mesures necess\u00e0ries per a garantir la confidencialitat i la seguretat de les dades personals dels Usuaris.<\/p>\n<p><strong>INFORMACI\u00d3 ADDICIONAL SOBRE PROTECCI\u00d3 DE DADES (RGPD|LOPD-gdd)<\/strong><\/p>\n<p>Regulacions legals a les quals s&#8217;acull la web: RESID\u00c8NCIA SANT JORDI ha adequat aquesta web a les exig\u00e8ncies de la Llei org\u00e0nica 3\/2018, de 5 de desembre, de Protecci\u00f3 de Dades Personals i garantia dels drets digitals (LOPD-gdd). Compleix tamb\u00e9 amb el Reglament (UE) 2016\/679 del Parlament Europeu i del Consell, de 27 d&#8217;abril de 2016, relatiu a la protecci\u00f3 de les persones f\u00edsiques pel que fa al tractament de dades personals i a la lliure circulaci\u00f3 d&#8217;aquestes dades (RGPD), aix\u00ed com amb la Llei 34\/2002, d&#8217;11 de juliol, de Serveis de la Societat de la Informaci\u00f3 i Comer\u00e7 Electr\u00f2nic (LSSICE).<\/p>\n<p><strong>1. RESPONSABLE DEL TRACTAMENT:<\/strong><\/p>\n<p><strong>1.1. Qui \u00e9s el responsable del tractament?<\/strong><\/p>\n<p>RESID\u00c8NCIASANT JORDI<\/p>\n<p>Identitat del Responsable: SANT MIQUEL 65, S.L.<br \/>\nN\u00fam. de identificaci\u00f3 fiscal: B63007801<br \/>\nAdre\u00e7a postal: C\/ Frederic Bosch 22, 08320 El Masnou (Barcelona)<br \/>\nAdre\u00e7a electr\u00f2nica: <a href=\"mailto:direccio@residenciasantjordi.es\">direccio@residenciasantjordi.es<\/a><\/p>\n<p>A l&#8217;efecte del que es preveu en el RGPD i la LOPD-gdd, la remissi\u00f3 o enviament per part de l&#8217;Usuari de dades de car\u00e0cter personal (dades relatives a persones identificades o identificables) a trav\u00e9s de la web i el tractament posterior per part nostra, ser\u00e0 considerat com a activitat de tractament de dades. Les dades de car\u00e0cter personal que es tracten en RESID\u00c8NCIA SANT JORDI procedeixen dels diferents formularis existents en la web.<\/p>\n<p>RESID\u00c8NCIA SANT JORDI garanteix a l&#8217;Usuari que implementar\u00e0 les mesures t\u00e8cniques i organitzatives de seguretat oportunes per al tractament d&#8217;aquestes dades, amb la finalitat de vetllar per la privacitat de la informaci\u00f3.<br \/>\n<strong><br \/>\n2. FINALITAT DEL TRACTAMENT I LEGITIMACI\u00d3:<\/strong><\/p>\n<p><strong>2.1. Amb quina finalitat tractarem les seves dades<\/strong>?<\/p>\n<p>En la RESID\u00c8NCIA SANT JORDI tractem les dades recaptades a trav\u00e9s dels diferents formularis de la web concorde als seg\u00fcents fins:<\/p>\n<p>\u2022 Gesti\u00f3, estudi i resoluci\u00f3 de consultes relatives a: la informaci\u00f3 inclosa en la web i\/o sobre els nostres serveis; al tractament de dades, textos legals, reclamacions o qualssevol altres q\u00fcestions.<\/p>\n<p>Les dades facilitades estaran situats en els servidors gestionats per -aRSYS.ES, prove\u00efdor de serveis de hosting de RESID\u00c8NCIA SANT JORDI, tenint el primer la consideraci\u00f3 d&#8217;encarregat del tractament. Els servidors es troben en territori europeu i l&#8217;empresa que els gestiona ofereix garanties suficients per a aplicar les mesures de seguretat exigides per la normativa de protecci\u00f3 de dades per al tractament de dades personals.<\/p>\n<p>L&#8217;interessat ser\u00e0 l&#8217;\u00fanic responsable a causa de l&#8217;emplenament dels formularis amb dades falses, inexactes, incomplets o no actualitzats, exonerant-se a RESID\u00c8NCIA SANT JORDI de qualsevol responsabilitat sobre aquest tema. Els usuaris garanteixen i responen, en qualsevol cas, de l&#8217;exactitud, vig\u00e8ncia i autenticitat de les dades personals facilitades i es comprometen a mantenir-los degudament actualitzats.<\/p>\n<p><strong>2.2.\u00a0 Quina \u00e9s la base que ens legitima per al tractament de les seves dades?<\/strong><\/p>\n<p>La base legal per al tractament de les seves dades \u00e9s el consentiment, entre altres bases legitimadores que poguessin resultar d&#8217;aplicaci\u00f3.<\/p>\n<p>El tractament de les seves dades est\u00e0 basat en el seu consentiment expr\u00e9s, el qual atorga en facilitar les dades que se li sol\u00b7liciten a trav\u00e9s dels formularis de la web i marcar la casella d&#8217;acceptaci\u00f3 d&#8217;aquesta pol\u00edtica de privacitat.<\/p>\n<p><strong>2.3. Ser\u00e0 necessari que ens faciliti totes les seves dades? Qu\u00e8 succeir\u00e0 si no ens els facilita?<\/strong><\/p>\n<p>S\u00ed, ser\u00e0 necessari que ens faciliti totes les dades personals sol\u00b7licitats. En cas que no ens faciliti les dades sol\u00b7licitades, no podrem atendre degudament la seva sol\u00b7licitud.<\/p>\n<p><strong>2.4. Realitzarem decisions individualitzades automatitzades i\/o elaboraci\u00f3 de perfils, que produeixin efectes jur\u00eddics o l&#8217;afectin significativament de mode similar?<\/strong><\/p>\n<p>No.<\/p>\n<p><strong>2.5. Durant quant temps tractarem les seves dades?<\/strong><\/p>\n<p>Les dades personals proporcionades es conservaran mentre no se sol\u00b7liciti la seva supressi\u00f3 per l&#8217;Usuari.<\/p>\n<p><strong>3. DESTINATARIS DE CESSIONS:<\/strong><\/p>\n<p><strong>3.1. Cedirem les seves dades a altres empreses?<\/strong><\/p>\n<p>RESID\u00c8NCIA SANT JORDI no cedir\u00e0 a cap tercer les teves dades, excepte en els casos legalment previstos.<\/p>\n<p>S&#8217;informa l&#8217;Usuari que, per a la correcta prestaci\u00f3 dels serveis (vegeu, allotjament web, suport, email m\u00e0rqueting, etc.), diferents prestadors de serveis contractats per RESID\u00c8NCIA SANT JORDI (encarregats del tractament) podran tenir acc\u00e9s a la informaci\u00f3 personal necess\u00e0ria per a realitzar les seves funcions.<\/p>\n<p>Aquests serveis prestats per tercers s\u00f3n necessaris per al desenvolupament de l&#8217;activitat de RESID\u00c8NCIA SANT JORDI i, en tot moment, el tractament de les dades que duguin a terme es regir\u00e0 per contracte que vinculi a l&#8217;encarregat respecte a RESID\u00c8NCIA SANT JORDI. En cap cas utilitzaran la informaci\u00f3 per a altres fins i la tractaran de conformitat amb les directrius estipulades per RESID\u00c8NCIA SANT JORDI i la normativa vigent en mat\u00e8ria de protecci\u00f3 de dades. En aplicaci\u00f3 de la referida normativa, les comunicacions efectuades a tals encarregats de tractament no s\u00f3n considerades cessions de dades.<\/p>\n<p>RESID\u00c8NCIA SANT JORDI, en el seu comprom\u00eds amb la privacitat i protecci\u00f3 de dades de l&#8217;Usuari, triar\u00e0 \u00fanicament prestadors de servei que ofereixin les garanties suficients per a aplicar mesures t\u00e8cniques i organitzatives apropiades, de manera que el tractament sigui conforme la legislaci\u00f3 aplicable en mat\u00e8ria de protecci\u00f3 de dades i garanteixin la protecci\u00f3 dels drets de l&#8217;Usuari.<\/p>\n<p><strong>4. DESTINATARIS DE TRANSFER\u00c8NCIES INTERNACIONALS:<\/strong><\/p>\n<p><strong>4.1. Les seves dades de car\u00e0cter personal seran transferits a tercers pa\u00efsos o organitzacions internacionals?<\/strong><\/p>\n<p>No, per regla general.<\/p>\n<p><strong>5. DRETS DE L&#8217;INTERESSAT:<\/strong><\/p>\n<p><strong>5.1. Quins drets li emparen en relaci\u00f3 al tractament de les seves dades?<\/strong><\/p>\n<p>Qualsevol interessat t\u00e9 dret a obtenir confirmaci\u00f3 sobre si en RESID\u00c8NCIA SANT JORDI estem tractant dades personals que els concerneixen, o no.<\/p>\n<p>ix\u00ed mateix, tal com preveu el RGPD (arts. 15-22) i la LOPD-gdd (arts. 12-18), l&#8217;informem que vost\u00e8 t\u00e9 els seg\u00fcents drets:<\/p>\n<p>\u2022 Accedir a les seves dades: Vost\u00e8 t\u00e9 dret a accedir a les seves dades per a con\u00e8ixer quines dades personals estem tractant que el concerneixen.<\/p>\n<p>\u2022 Sol\u00b7licitar la rectificaci\u00f3 o supressi\u00f3 de les seves dades: En determinades circumst\u00e0ncies, Vost\u00e8 t\u00e9 dret a rectificar aquelles dades personals inexactes que el concerneixen que siguin objecte de tractament per part nostra o, fins i tot, a sol\u00b7licitar-nos la seva supressi\u00f3 quan, entre altres motius, les dades ja no fossin necessaris per als fins que van ser recollits.<\/p>\n<p>\u2022 Sol\u00b7licitar la limitaci\u00f3 del tractament de les seves dades: En determinades circumst\u00e0ncies, Vost\u00e8 tindr\u00e0 dret a sol\u00b7licitar-nos la limitaci\u00f3 del tractament de les seves dades, i en aquest cas l&#8217;informem que \u00fanicament els conservarem per a l&#8217;exercici o defensa de reclamacions tal com preveu el RGPD i la LOPD-gdd.<\/p>\n<p>\u2022 A la portabilitat de les seves dades: En determinades circumst\u00e0ncies, Vost\u00e8 tindr\u00e0 dret a rebre les dades personals que li incumbeixin, i que ens hagi facilitat, en un format estructurat, d&#8217;\u00fas com\u00fa i lectura mec\u00e0nica, i a transmetre&#8217;ls a un altre responsable del tractament.<\/p>\n<p>\u2022 Oposar-se al tractament de les seves dades: En determinades circumst\u00e0ncies i per motius relacionats amb la seva situaci\u00f3 particular, Vost\u00e8 tindr\u00e0 dret a oposar-se al tractament de les seves dades i en aquest cas, deixar\u00edem de tractar-los excepte per motius leg\u00edtims imperiosos, o l&#8217;exercici o la defensa de possibles reclamacions.<\/p>\n<p>\u2022 Sol\u00b7licitar no ser objecte de decisions individuals automatitzades, inclosa l&#8217;elaboraci\u00f3 de perfils.<\/p>\n<p>\u2022 Presentar una reclamaci\u00f3 en mat\u00e8ria de protecci\u00f3 de dades a l&#8217;autoritat de control (Ag\u00e8ncia Espanyola de Protecci\u00f3 de Dades).<\/p>\n<p><strong>5.2. Quan respondrem a la seva sol\u00b7licitud?<\/strong><\/p>\n<p>Respondrem a les seves peticions com m\u00e9s aviat millor i, en tot cas, en el termini d&#8217;un mes des de la recepci\u00f3 de la seva sol\u00b7licitud. Aquest termini podr\u00e0 prorrogar-se altres dos mesos en cas necessari, tenint en compte la complexitat i el nombre de sol\u00b7licituds. El responsable informar\u00e0 l&#8217;interessat de la pr\u00f2rroga dins del primer mes des de la sol\u00b7licitud.<\/p>\n<p><strong>5.3. Vost\u00e8 t\u00e9 dret a retirar el seu consentiment?<\/strong><\/p>\n<p>L&#8217;interessat t\u00e9 dret a retirar el consentiment en qualsevol moment, sense que aix\u00f2 afecti la licitud del tractament basat en el consentiment previ a la seva retirada.<\/p>\n<p><strong>5.4. On ha de dirigir-se per a l&#8217;exercici els seus drets?<\/strong><\/p>\n<p>Per a l&#8217;exercici dels drets reconeguts, l&#8217;interessat podr\u00e0 posar-se en contacte amb RESID\u00c8NCIA SANT JORDI a trav\u00e9s de l&#8217;adre\u00e7a de correu electr\u00f2nic: santmiquel65sl@hotmail.com o dirigint un escrit a l&#8217;adre\u00e7a postal: C\/ Frederic Bosch 22, 08320 El Masnou (Barcelona).<\/p>\n<p><strong>5.5. Vost\u00e8 t\u00e9 dret a reclamar?<\/strong><\/p>\n<p>S\u00ed. Vost\u00e8, especialment quan no hagi obtingut satisfacci\u00f3 plena en l&#8217;exercici dels seus drets, t\u00e9 dret a presentar una reclamaci\u00f3 davant l&#8217;autoritat nacional de control. A aquest efecte ha de dirigir-se davant l&#8217;Ag\u00e8ncia Espanyola de Protecci\u00f3 de Dades, les dades de contacte de les quals indiquem a continuaci\u00f3:<\/p>\n<p>C\/ Jorge Juan, 6 \u2013 28001 Madrid | https:\/\/www.aepd.es | dpd@agpd.es<br \/>\nTel. 901100099 \u2013 912663517<\/p>\n<p><strong>6. ACCEPTACI\u00d3 I CONSENTIMENT<\/strong><\/p>\n<p>Vost\u00e8, com a Usuari, declara haver estat informat de les condicions sobre protecci\u00f3 de dades de car\u00e0cter personal, acceptant i consentint el tractament dels mateixos per part de RESID\u00c8NCIA SANT JORDI en la forma i per a les finalitats indicades en aquesta pol\u00edtica de privacitat.<\/p>\n<p><strong>7. MODIFICACI\u00d3 DE LES CONDICIONS DE LA POL\u00cdTICA DE PRIVACITAT<\/strong><\/p>\n<p>RESID\u00c8NCIA SANT JORDI es reserva expressament el dret a modificar la present pol\u00edtica de privacitat per a adaptar-la a qualsevol novetat legislativa, jurisprudencial o de qualsevol altra \u00edndole.<\/p>\n<p><strong>8. CONTACTE<\/strong><\/p>\n<p>En cas que l&#8217;Usuari tingu\u00e9s algun dubte sobre la nostra pol\u00edtica de privacitat, si us plau, dirigeixi&#8217;s a <a href=\"mailto:direccio@residenciasantjordi.es\">direccio@residenciasantjordi.es<\/a><\/p>\n<p>La pol\u00edtica de privacitat ha estat actualitzada per \u00faltima vegada l&#8217;1 de Juny de 2024.<\/p>\n<\/div><\/div><\/div><\/div><\/div>\n","protected":false},"excerpt":{"rendered":"","protected":false},"author":1,"featured_media":0,"parent":0,"menu_order":0,"comment_status":"closed","ping_status":"closed","template":"100-width.php","meta":{"footnotes":""},"class_list":["post-1740","page","type-page","status-publish","hentry"],"yoast_head":"<!-- This site is optimized with the Yoast SEO plugin v27.4 - https:\/\/yoast.com\/product\/yoast-seo-wordpress\/ -->\n<title>Pol\u00edtica de privacitat - Residencia Sant Jordi<\/title>\n<meta name=\"robots\" content=\"index, follow, max-snippet:-1, max-image-preview:large, max-video-preview:-1\" \/>\n<link rel=\"canonical\" href=\"https:\/\/residenciasantjordi.es\/ca\/politica-de-privacitat\/\" \/>\n<meta property=\"og:locale\" content=\"ca_ES\" \/>\n<meta property=\"og:type\" content=\"article\" \/>\n<meta property=\"og:title\" content=\"Pol\u00edtica de privacitat - Residencia Sant Jordi\" \/>\n<meta property=\"og:url\" content=\"https:\/\/residenciasantjordi.es\/ca\/politica-de-privacitat\/\" \/>\n<meta property=\"og:site_name\" content=\"Residencia Sant Jordi\" \/>\n<meta property=\"article:modified_time\" content=\"2025-04-14T11:23:33+00:00\" \/>\n<meta name=\"twitter:card\" content=\"summary_large_image\" \/>\n<meta name=\"twitter:label1\" content=\"Temps estimat de lectura\" \/>\n\t<meta name=\"twitter:data1\" content=\"8 minuts\" \/>\n<script type=\"application\/ld+json\" class=\"yoast-schema-graph\">{\"@context\":\"https:\\\/\\\/schema.org\",\"@graph\":[{\"@type\":\"WebPage\",\"@id\":\"https:\\\/\\\/residenciasantjordi.es\\\/ca\\\/politica-de-privacitat\\\/\",\"url\":\"https:\\\/\\\/residenciasantjordi.es\\\/ca\\\/politica-de-privacitat\\\/\",\"name\":\"Pol\u00edtica de privacitat - Residencia Sant Jordi\",\"isPartOf\":{\"@id\":\"https:\\\/\\\/residenciasantjordi.es\\\/ca\\\/#website\"},\"datePublished\":\"2025-03-19T12:04:04+00:00\",\"dateModified\":\"2025-04-14T11:23:33+00:00\",\"breadcrumb\":{\"@id\":\"https:\\\/\\\/residenciasantjordi.es\\\/ca\\\/politica-de-privacitat\\\/#breadcrumb\"},\"inLanguage\":\"ca\",\"potentialAction\":[{\"@type\":\"ReadAction\",\"target\":[\"https:\\\/\\\/residenciasantjordi.es\\\/ca\\\/politica-de-privacitat\\\/\"]}]},{\"@type\":\"BreadcrumbList\",\"@id\":\"https:\\\/\\\/residenciasantjordi.es\\\/ca\\\/politica-de-privacitat\\\/#breadcrumb\",\"itemListElement\":[{\"@type\":\"ListItem\",\"position\":1,\"name\":\"Inicio\",\"item\":\"https:\\\/\\\/residenciasantjordi.es\\\/ca\\\/\"},{\"@type\":\"ListItem\",\"position\":2,\"name\":\"Pol\u00edtica de privacitat\"}]},{\"@type\":\"WebSite\",\"@id\":\"https:\\\/\\\/residenciasantjordi.es\\\/ca\\\/#website\",\"url\":\"https:\\\/\\\/residenciasantjordi.es\\\/ca\\\/\",\"name\":\"Residencia Sant Jordi\",\"description\":\"Residencia Sant Jordi\",\"potentialAction\":[{\"@type\":\"SearchAction\",\"target\":{\"@type\":\"EntryPoint\",\"urlTemplate\":\"https:\\\/\\\/residenciasantjordi.es\\\/ca\\\/?s={search_term_string}\"},\"query-input\":{\"@type\":\"PropertyValueSpecification\",\"valueRequired\":true,\"valueName\":\"search_term_string\"}}],\"inLanguage\":\"ca\"}]}<\/script>\n<!-- \/ Yoast SEO plugin. -->","yoast_head_json":{"title":"Pol\u00edtica de privacitat - Residencia Sant Jordi","robots":{"index":"index","follow":"follow","max-snippet":"max-snippet:-1","max-image-preview":"max-image-preview:large","max-video-preview":"max-video-preview:-1"},"canonical":"https:\/\/residenciasantjordi.es\/ca\/politica-de-privacitat\/","og_locale":"ca_ES","og_type":"article","og_title":"Pol\u00edtica de privacitat - Residencia Sant Jordi","og_url":"https:\/\/residenciasantjordi.es\/ca\/politica-de-privacitat\/","og_site_name":"Residencia Sant Jordi","article_modified_time":"2025-04-14T11:23:33+00:00","twitter_card":"summary_large_image","twitter_misc":{"Temps estimat de lectura":"8 minuts"},"schema":{"@context":"https:\/\/schema.org","@graph":[{"@type":"WebPage","@id":"https:\/\/residenciasantjordi.es\/ca\/politica-de-privacitat\/","url":"https:\/\/residenciasantjordi.es\/ca\/politica-de-privacitat\/","name":"Pol\u00edtica de privacitat - Residencia Sant Jordi","isPartOf":{"@id":"https:\/\/residenciasantjordi.es\/ca\/#website"},"datePublished":"2025-03-19T12:04:04+00:00","dateModified":"2025-04-14T11:23:33+00:00","breadcrumb":{"@id":"https:\/\/residenciasantjordi.es\/ca\/politica-de-privacitat\/#breadcrumb"},"inLanguage":"ca","potentialAction":[{"@type":"ReadAction","target":["https:\/\/residenciasantjordi.es\/ca\/politica-de-privacitat\/"]}]},{"@type":"BreadcrumbList","@id":"https:\/\/residenciasantjordi.es\/ca\/politica-de-privacitat\/#breadcrumb","itemListElement":[{"@type":"ListItem","position":1,"name":"Inicio","item":"https:\/\/residenciasantjordi.es\/ca\/"},{"@type":"ListItem","position":2,"name":"Pol\u00edtica de privacitat"}]},{"@type":"WebSite","@id":"https:\/\/residenciasantjordi.es\/ca\/#website","url":"https:\/\/residenciasantjordi.es\/ca\/","name":"Residencia Sant Jordi","description":"Residencia Sant Jordi","potentialAction":[{"@type":"SearchAction","target":{"@type":"EntryPoint","urlTemplate":"https:\/\/residenciasantjordi.es\/ca\/?s={search_term_string}"},"query-input":{"@type":"PropertyValueSpecification","valueRequired":true,"valueName":"search_term_string"}}],"inLanguage":"ca"}]}},"_links":{"self":[{"href":"https:\/\/residenciasantjordi.es\/ca\/wp-json\/wp\/v2\/pages\/1740","targetHints":{"allow":["GET"]}}],"collection":[{"href":"https:\/\/residenciasantjordi.es\/ca\/wp-json\/wp\/v2\/pages"}],"about":[{"href":"https:\/\/residenciasantjordi.es\/ca\/wp-json\/wp\/v2\/types\/page"}],"author":[{"embeddable":true,"href":"https:\/\/residenciasantjordi.es\/ca\/wp-json\/wp\/v2\/users\/1"}],"replies":[{"embeddable":true,"href":"https:\/\/residenciasantjordi.es\/ca\/wp-json\/wp\/v2\/comments?post=1740"}],"version-history":[{"count":1,"href":"https:\/\/residenciasantjordi.es\/ca\/wp-json\/wp\/v2\/pages\/1740\/revisions"}],"predecessor-version":[{"id":1893,"href":"https:\/\/residenciasantjordi.es\/ca\/wp-json\/wp\/v2\/pages\/1740\/revisions\/1893"}],"wp:attachment":[{"href":"https:\/\/residenciasantjordi.es\/ca\/wp-json\/wp\/v2\/media?parent=1740"}],"curies":[{"name":"wp","href":"https:\/\/api.w.org\/{rel}","templated":true}]}}