{"id":1750,"date":"2025-03-07T13:51:56","date_gmt":"2025-03-07T12:51:56","guid":{"rendered":"https:\/\/residenciasantjordi.es\/?page_id=1750"},"modified":"2025-04-16T15:46:43","modified_gmt":"2025-04-16T13:46:43","slug":"vida-a-la-residencia","status":"publish","type":"page","link":"https:\/\/residenciasantjordi.es\/ca\/vida-a-la-residencia\/","title":{"rendered":"Vida a la resid\u00e8ncia"},"content":{"rendered":"<p><div class=\"fusion-fullwidth fullwidth-box fusion-builder-row-1 fusion-flex-container has-pattern-background has-mask-background nonhundred-percent-fullwidth non-hundred-percent-height-scrolling\" style=\"--awb-border-radius-top-left:0px;--awb-border-radius-top-right:0px;--awb-border-radius-bottom-right:0px;--awb-border-radius-bottom-left:0px;--awb-padding-top:50px;--awb-padding-bottom:50px;--awb-flex-wrap:wrap;\" ><div class=\"fusion-builder-row fusion-row fusion-flex-align-items-center fusion-flex-justify-content-center fusion-flex-content-wrap\" style=\"max-width:1612px;margin-left: calc(-4% \/ 2 );margin-right: calc(-4% \/ 2 );\"><div class=\"fusion-layout-column fusion_builder_column fusion-builder-column-0 fusion_builder_column_2_5 2_5 fusion-flex-column fusion-flex-align-self-stretch\" style=\"--awb-padding-top:35px;--awb-bg-size:cover;--awb-width-large:40%;--awb-margin-top-large:0px;--awb-spacing-right-large:4.8%;--awb-margin-bottom-large:20px;--awb-spacing-left-large:4.8%;--awb-width-medium:75%;--awb-order-medium:0;--awb-spacing-right-medium:2.56%;--awb-spacing-left-medium:2.56%;--awb-width-small:100%;--awb-order-small:0;--awb-spacing-right-small:1.92%;--awb-spacing-left-small:1.92%;\" data-scroll-devices=\"small-visibility,medium-visibility,large-visibility\"><div class=\"fusion-column-wrapper fusion-column-has-shadow fusion-flex-justify-content-center fusion-content-layout-column\"><div class=\"fusion-title title fusion-title-1 fusion-sep-none fusion-title-rotating fusion-animate-once fusion-title-bounceIn fusion-title-size-two titulo1\" style=\"--awb-text-color:var(--awb-color3);--awb-margin-top:0px;--awb-margin-bottom:16px;--awb-margin-top-small:10px;--awb-margin-right-small:0px;--awb-margin-bottom-small:24px;--awb-margin-left-small:0px;--awb-font-size:var(--awb-typography1-font-size);\"><h2 class=\"fusion-title-heading title-heading-left fusion-responsive-typography-calculated\" style=\"font-family:var(--awb-typography1-font-family);font-weight:var(--awb-typography1-font-weight);font-style:var(--awb-typography1-font-style);margin:0;letter-spacing:var(--awb-typography1-letter-spacing);text-transform:var(--awb-typography1-text-transform);font-size:1em;--fontSize:48;line-height:var(--awb-typography1-line-height);\"><span class=\"fusion-animated-text-prefix\">S\u00f3n petits gestos, per\u00f2 amaguen grans<\/span> <span class=\"fusion-animated-texts-wrapper\" style=\"color:var(--awb-color7);\" data-length=\"line\" data-minDisplayTime=\"1200\"><span class=\"fusion-animated-texts\"><span data-in-effect=\"bounceIn\" class=\"fusion-animated-text\" data-in-sequence=\"true\" data-out-reverse=\"true\" data-out-effect=\"bounceOut\">records<\/span><span data-in-effect=\"bounceIn\" class=\"fusion-animated-text\" data-in-sequence=\"true\" data-out-reverse=\"true\" data-out-effect=\"bounceOut\">dies <\/span><span data-in-effect=\"bounceIn\" class=\"fusion-animated-text\" data-in-sequence=\"true\" data-out-reverse=\"true\" data-out-effect=\"bounceOut\">hist\u00f2ries<\/span><\/span><\/span> <span class=\"fusion-animated-text-postfix\"><\/span><\/h2><\/div><div class=\"fusion-title title fusion-title-2 fusion-sep-none fusion-title-text fusion-title-size-div\" style=\"--awb-text-color:var(--awb-color8);--awb-margin-top:0px;--awb-margin-bottom:16px;--awb-margin-top-small:10px;--awb-margin-right-small:0px;--awb-margin-bottom-small:24px;--awb-margin-left-small:0px;--awb-font-size:var(--awb-typography2-font-size);\"><div class=\"fusion-title-heading title-heading-left title-heading-tag fusion-responsive-typography-calculated\" style=\"font-family:var(--awb-typography2-font-family);font-weight:var(--awb-typography2-font-weight);font-style:var(--awb-typography2-font-style);margin:0;letter-spacing:var(--awb-typography2-letter-spacing);text-transform:var(--awb-typography2-text-transform);font-size:1em;--fontSize:24;line-height:var(--awb-typography2-line-height);\">Qu\u00e8 significa per a tu saber que estan ben cuidats?<\/div><\/div><div class=\"fusion-text fusion-text-1\" style=\"--awb-font-size:var(--awb-typography4-font-size);--awb-line-height:var(--awb-typography4-line-height);--awb-letter-spacing:var(--awb-typography4-letter-spacing);--awb-text-transform:var(--awb-typography4-text-transform);--awb-text-color:var(--awb-color8);--awb-text-font-family:var(--awb-typography4-font-family);--awb-text-font-weight:var(--awb-typography4-font-weight);--awb-text-font-style:var(--awb-typography4-font-style);\"><p>Sabem que la dist\u00e0ncia no nom\u00e9s es mesura en quil\u00f2metres. Estar connectats, con\u00e8ixer el dia a dia de la resid\u00e8ncia i gestionar de manera senzilla alguns aspectes de l\u2019estan\u00e7a del teu \u00e9sser estimat escur\u00e7a la dist\u00e0ncia i et permet seguir present en la seva vida.<\/p>\n<p>En la Resid\u00e8ncia Sant Jordi, <strong>ens comprometem a mantenir a les fam\u00edlies informades <\/strong>des del primer dia, amb eines de cites online i comunicaci\u00f3 constant. No importa on estiguis, sempre estar\u00e0s al corrent del seu benestar i ser\u00e0s part activa de la seva hist\u00f2ria.<\/p>\n<\/div><\/div><\/div><div class=\"fusion-layout-column fusion_builder_column fusion-builder-column-1 fusion_builder_column_3_5 3_5 fusion-flex-column\" style=\"--awb-padding-top:30px;--awb-padding-right:30px;--awb-padding-bottom:30px;--awb-padding-left:30px;--awb-overflow:hidden;--awb-bg-color:#ffffff;--awb-bg-color-hover:#ffffff;--awb-bg-size:cover;--awb-border-radius:20px 20px 20px 20px;--awb-width-large:60%;--awb-margin-top-large:0px;--awb-spacing-right-large:3.2%;--awb-margin-bottom-large:0px;--awb-spacing-left-large:3.2%;--awb-width-medium:60%;--awb-order-medium:0;--awb-spacing-right-medium:3.2%;--awb-spacing-left-medium:3.2%;--awb-width-small:100%;--awb-order-small:0;--awb-spacing-right-small:1.92%;--awb-spacing-left-small:1.92%;\" data-scroll-devices=\"small-visibility,medium-visibility,large-visibility\"><div class=\"fusion-column-wrapper fusion-column-has-shadow fusion-flex-justify-content-flex-start fusion-content-layout-column\"><div class=\"fusion-builder-row fusion-builder-row-inner fusion-row fusion-flex-align-items-center fusion-flex-justify-content-center fusion-flex-content-wrap\" style=\"--awb-flex-grow:0;--awb-flex-grow-medium:0;--awb-flex-grow-small:0;--awb-flex-shrink:0;--awb-flex-shrink-medium:0;--awb-flex-shrink-small:0;width:104% !important;max-width:104% !important;margin-left: calc(-4% \/ 2 );margin-right: calc(-4% \/ 2 );\"><div class=\"fusion-layout-column fusion_builder_column_inner fusion-builder-nested-column-0 fusion-flex-column fusion-flex-align-self-stretch fusion-column-inner-bg-wrapper\" style=\"--awb-inner-bg-size:cover;--awb-width-large:13%;--awb-margin-top-large:0px;--awb-spacing-right-large:14.769230769231%;--awb-margin-bottom-large:0px;--awb-spacing-left-large:14.769230769231%;--awb-width-medium:13%;--awb-order-medium:0;--awb-spacing-right-medium:14.769230769231%;--awb-spacing-left-medium:14.769230769231%;--awb-width-small:20%;--awb-order-small:0;--awb-spacing-right-small:9.6%;--awb-spacing-left-small:9.6%;\" data-scroll-devices=\"small-visibility,medium-visibility,large-visibility\"><span class=\"fusion-column-inner-bg hover-type-none\"><a class=\"fusion-column-anchor\" href=\"\/ca\/residents\/informacio-benvinguda\/\"><span class=\"fusion-column-inner-bg-image\"><\/span><\/a><\/span><div class=\"fusion-column-wrapper fusion-column-has-shadow fusion-flex-justify-content-center fusion-content-layout-column\"><i class=\"fb-icon-element-1 fb-icon-element fontawesome-icon icon-flecha-arriba-a-la-derecha-8 circle-no fusion-text-flow\" style=\"--awb-iconcolor:var(--awb-color3);--awb-iconcolor-hover:var(--awb-color3);--awb-font-size:32px;--awb-margin-right:16px;\"><\/i><\/div><\/div><div class=\"fusion-layout-column fusion_builder_column_inner fusion-builder-nested-column-1 fusion-flex-column fusion-flex-align-self-center\" style=\"--awb-bg-size:cover;--awb-width-large:86%;--awb-margin-top-large:0px;--awb-spacing-right-large:2.2325581395349%;--awb-margin-bottom-large:0px;--awb-spacing-left-large:2.2325581395349%;--awb-width-medium:86%;--awb-order-medium:0;--awb-spacing-right-medium:2.2325581395349%;--awb-spacing-left-medium:2.2325581395349%;--awb-width-small:80%;--awb-order-small:0;--awb-spacing-right-small:2.4%;--awb-spacing-left-small:2.4%;\" data-scroll-devices=\"small-visibility,medium-visibility,large-visibility\"><div class=\"fusion-column-wrapper fusion-column-has-shadow fusion-flex-justify-content-flex-start fusion-content-layout-column\"><div class=\"fusion-title title fusion-title-3 fusion-sep-none fusion-title-text fusion-title-size-div\" style=\"--awb-text-color:var(--awb-color7);--awb-margin-bottom:0px;--awb-margin-top-small:10px;--awb-margin-right-small:0px;--awb-margin-bottom-small:10px;--awb-margin-left-small:0px;--awb-link-hover-color:var(--awb-color3);--awb-font-size:var(--awb-typography3-font-size);\"><div class=\"fusion-title-heading title-heading-left title-heading-tag fusion-responsive-typography-calculated\" style=\"font-family:var(--awb-typography3-font-family);font-weight:var(--awb-typography3-font-weight);font-style:var(--awb-typography3-font-style);margin:0;letter-spacing:var(--awb-typography3-letter-spacing);text-transform:var(--awb-typography3-text-transform);font-size:1em;--fontSize:21;--minFontSize:21;line-height:var(--awb-typography3-line-height);\"><a href=\"\/ca\/residents\/informacio-benvinguda\/\" class=\"awb-custom-text-color awb-custom-text-hover-color\" target=\"_self\">Informaci\u00f3 Benvinguda<\/a><\/div><\/div><div class=\"fusion-text fusion-text-2 fusion-text-no-margin\" style=\"--awb-font-size:15px;--awb-line-height:var(--awb-typography4-line-height);--awb-letter-spacing:var(--awb-typography4-letter-spacing);--awb-text-transform:var(--awb-typography4-text-transform);--awb-text-color:var(--awb-color8);--awb-margin-bottom:0px;--awb-text-font-family:var(--awb-typography4-font-family);--awb-text-font-weight:var(--awb-typography4-font-weight);--awb-text-font-style:var(--awb-typography4-font-style);\"><p>Tot all\u00f2 que necessiten saber les fam\u00edlies nouvingudes<\/p>\n<\/div><\/div><\/div><\/div><div class=\"fusion-separator fusion-full-width-sep\" style=\"align-self: center;margin-left: auto;margin-right: auto;margin-top:20px;margin-bottom:20px;width:100%;\"><div class=\"fusion-separator-border sep-single sep-solid\" style=\"--awb-height:20px;--awb-amount:20px;border-color:var(--awb-color3);border-top-width:1px;\"><\/div><\/div><div class=\"fusion-builder-row fusion-builder-row-inner fusion-row fusion-flex-align-items-center fusion-flex-justify-content-center fusion-flex-content-wrap\" style=\"--awb-flex-grow:0;--awb-flex-grow-medium:0;--awb-flex-grow-small:0;--awb-flex-shrink:0;--awb-flex-shrink-medium:0;--awb-flex-shrink-small:0;width:104% !important;max-width:104% !important;margin-left: calc(-4% \/ 2 );margin-right: calc(-4% \/ 2 );\"><div class=\"fusion-layout-column fusion_builder_column_inner fusion-builder-nested-column-2 fusion-flex-column fusion-flex-align-self-stretch fusion-column-inner-bg-wrapper\" style=\"--awb-inner-bg-size:cover;--awb-width-large:13%;--awb-margin-top-large:0px;--awb-spacing-right-large:14.769230769231%;--awb-margin-bottom-large:0px;--awb-spacing-left-large:14.769230769231%;--awb-width-medium:13%;--awb-order-medium:0;--awb-spacing-right-medium:14.769230769231%;--awb-spacing-left-medium:14.769230769231%;--awb-width-small:20%;--awb-order-small:0;--awb-spacing-right-small:9.6%;--awb-spacing-left-small:9.6%;\" data-scroll-devices=\"small-visibility,medium-visibility,large-visibility\"><span class=\"fusion-column-inner-bg hover-type-none\"><a class=\"fusion-column-anchor\" href=\"\/ca\/residents\/com-arribar\/\"><span class=\"fusion-column-inner-bg-image\"><\/span><\/a><\/span><div class=\"fusion-column-wrapper fusion-column-has-shadow fusion-flex-justify-content-center fusion-content-layout-column\"><i class=\"fb-icon-element-2 fb-icon-element fontawesome-icon icon-flecha-arriba-a-la-derecha-8 circle-no fusion-text-flow\" style=\"--awb-iconcolor:var(--awb-color3);--awb-iconcolor-hover:var(--awb-color3);--awb-font-size:32px;--awb-margin-right:16px;\"><\/i><\/div><\/div><div class=\"fusion-layout-column fusion_builder_column_inner fusion-builder-nested-column-3 fusion-flex-column fusion-flex-align-self-center\" style=\"--awb-bg-size:cover;--awb-width-large:86%;--awb-margin-top-large:0px;--awb-spacing-right-large:2.2325581395349%;--awb-margin-bottom-large:0px;--awb-spacing-left-large:2.2325581395349%;--awb-width-medium:86%;--awb-order-medium:0;--awb-spacing-right-medium:2.2325581395349%;--awb-spacing-left-medium:2.2325581395349%;--awb-width-small:80%;--awb-order-small:0;--awb-spacing-right-small:2.4%;--awb-spacing-left-small:2.4%;\" data-scroll-devices=\"small-visibility,medium-visibility,large-visibility\"><div class=\"fusion-column-wrapper fusion-column-has-shadow fusion-flex-justify-content-flex-start fusion-content-layout-column\"><div class=\"fusion-title title fusion-title-4 fusion-sep-none fusion-title-text fusion-title-size-div\" style=\"--awb-text-color:var(--awb-color8);--awb-margin-bottom:0px;--awb-margin-top-small:10px;--awb-margin-right-small:0px;--awb-margin-bottom-small:10px;--awb-margin-left-small:0px;--awb-link-hover-color:var(--awb-color3);--awb-font-size:var(--awb-typography3-font-size);\"><div class=\"fusion-title-heading title-heading-left title-heading-tag fusion-responsive-typography-calculated\" style=\"font-family:var(--awb-typography3-font-family);font-weight:var(--awb-typography3-font-weight);font-style:var(--awb-typography3-font-style);margin:0;letter-spacing:var(--awb-typography3-letter-spacing);text-transform:var(--awb-typography3-text-transform);font-size:1em;--fontSize:21;--minFontSize:21;line-height:var(--awb-typography3-line-height);\"><a href=\"\/ca\/residents\/com-arribar\/\" class=\"awb-custom-text-color awb-custom-text-hover-color\" target=\"_self\">Com arribar<\/a><\/div><\/div><div class=\"fusion-text fusion-text-3 fusion-text-no-margin\" style=\"--awb-font-size:15px;--awb-line-height:var(--awb-typography4-line-height);--awb-letter-spacing:var(--awb-typography4-letter-spacing);--awb-text-transform:var(--awb-typography4-text-transform);--awb-text-color:var(--awb-color8);--awb-margin-bottom:0px;--awb-text-font-family:var(--awb-typography4-font-family);--awb-text-font-weight:var(--awb-typography4-font-weight);--awb-text-font-style:var(--awb-typography4-font-style);\"><p>Estem molt a prop i t\u2019esperem amb els bra\u00e7os oberts<\/p>\n<\/div><\/div><\/div><\/div><div class=\"fusion-separator fusion-full-width-sep\" style=\"align-self: center;margin-left: auto;margin-right: auto;margin-top:20px;margin-bottom:20px;width:100%;\"><div class=\"fusion-separator-border sep-single sep-solid\" style=\"--awb-height:20px;--awb-amount:20px;border-color:var(--awb-color3);border-top-width:1px;\"><\/div><\/div><div class=\"fusion-builder-row fusion-builder-row-inner fusion-row fusion-flex-align-items-center fusion-flex-justify-content-center fusion-flex-content-wrap\" style=\"--awb-flex-grow:0;--awb-flex-grow-medium:0;--awb-flex-grow-small:0;--awb-flex-shrink:0;--awb-flex-shrink-medium:0;--awb-flex-shrink-small:0;width:104% !important;max-width:104% !important;margin-left: calc(-4% \/ 2 );margin-right: calc(-4% \/ 2 );\"><div class=\"fusion-layout-column fusion_builder_column_inner fusion-builder-nested-column-4 fusion-flex-column fusion-flex-align-self-stretch fusion-column-inner-bg-wrapper\" style=\"--awb-inner-bg-size:cover;--awb-width-large:13%;--awb-margin-top-large:0px;--awb-spacing-right-large:14.769230769231%;--awb-margin-bottom-large:0px;--awb-spacing-left-large:14.769230769231%;--awb-width-medium:13%;--awb-order-medium:0;--awb-spacing-right-medium:14.769230769231%;--awb-spacing-left-medium:14.769230769231%;--awb-width-small:20%;--awb-order-small:0;--awb-spacing-right-small:9.6%;--awb-spacing-left-small:9.6%;\" data-scroll-devices=\"small-visibility,medium-visibility,large-visibility\"><span class=\"fusion-column-inner-bg hover-type-none\"><a class=\"fusion-column-anchor\" href=\"\/ca\/residents\/gestio-de-cites\/\"><span class=\"fusion-column-inner-bg-image\"><\/span><\/a><\/span><div class=\"fusion-column-wrapper fusion-column-has-shadow fusion-flex-justify-content-center fusion-content-layout-column\"><i class=\"fb-icon-element-3 fb-icon-element fontawesome-icon icon-flecha-arriba-a-la-derecha-8 circle-no fusion-text-flow\" style=\"--awb-iconcolor:var(--awb-color3);--awb-iconcolor-hover:var(--awb-color3);--awb-font-size:32px;--awb-margin-right:16px;\"><\/i><\/div><\/div><div class=\"fusion-layout-column fusion_builder_column_inner fusion-builder-nested-column-5 fusion-flex-column fusion-flex-align-self-center\" style=\"--awb-bg-size:cover;--awb-width-large:86%;--awb-margin-top-large:0px;--awb-spacing-right-large:2.2325581395349%;--awb-margin-bottom-large:0px;--awb-spacing-left-large:2.2325581395349%;--awb-width-medium:86%;--awb-order-medium:0;--awb-spacing-right-medium:2.2325581395349%;--awb-spacing-left-medium:2.2325581395349%;--awb-width-small:80%;--awb-order-small:0;--awb-spacing-right-small:2.4%;--awb-spacing-left-small:2.4%;\" data-scroll-devices=\"small-visibility,medium-visibility,large-visibility\"><div class=\"fusion-column-wrapper fusion-column-has-shadow fusion-flex-justify-content-flex-start fusion-content-layout-column\"><div class=\"fusion-title title fusion-title-5 fusion-sep-none fusion-title-text fusion-title-size-div\" style=\"--awb-text-color:var(--awb-color7);--awb-margin-bottom:0px;--awb-margin-top-small:10px;--awb-margin-right-small:0px;--awb-margin-bottom-small:10px;--awb-margin-left-small:0px;--awb-link-hover-color:var(--awb-color3);--awb-font-size:var(--awb-typography3-font-size);\"><div class=\"fusion-title-heading title-heading-left title-heading-tag fusion-responsive-typography-calculated\" style=\"font-family:var(--awb-typography3-font-family);font-weight:var(--awb-typography3-font-weight);font-style:var(--awb-typography3-font-style);margin:0;letter-spacing:var(--awb-typography3-letter-spacing);text-transform:var(--awb-typography3-text-transform);font-size:1em;--fontSize:21;--minFontSize:21;line-height:var(--awb-typography3-line-height);\"><a href=\"\/ca\/residents\/gestio-de-cites\/\" class=\"awb-custom-text-color awb-custom-text-hover-color\" target=\"_self\">Gesti\u00f3 de cites<\/a><\/div><\/div><div class=\"fusion-text fusion-text-4 fusion-text-no-margin\" style=\"--awb-font-size:15px;--awb-line-height:var(--awb-typography4-line-height);--awb-letter-spacing:var(--awb-typography4-letter-spacing);--awb-text-transform:var(--awb-typography4-text-transform);--awb-text-color:var(--awb-color8);--awb-margin-bottom:0px;--awb-text-font-family:var(--awb-typography4-font-family);--awb-text-font-weight:var(--awb-typography4-font-weight);--awb-text-font-style:var(--awb-typography4-font-style);\"><p>Organitza visites i coordina activitats des de casa o el treball<\/p>\n<\/div><\/div><\/div><\/div><div class=\"fusion-separator fusion-full-width-sep\" style=\"align-self: center;margin-left: auto;margin-right: auto;margin-top:20px;margin-bottom:20px;width:100%;\"><div class=\"fusion-separator-border sep-single sep-solid\" style=\"--awb-height:20px;--awb-amount:20px;border-color:var(--awb-color3);border-top-width:1px;\"><\/div><\/div><div class=\"fusion-builder-row fusion-builder-row-inner fusion-row fusion-flex-align-items-center fusion-flex-justify-content-center fusion-flex-content-wrap\" style=\"--awb-flex-grow:0;--awb-flex-grow-medium:0;--awb-flex-grow-small:0;--awb-flex-shrink:0;--awb-flex-shrink-medium:0;--awb-flex-shrink-small:0;width:104% !important;max-width:104% !important;margin-left: calc(-4% \/ 2 );margin-right: calc(-4% \/ 2 );\"><div class=\"fusion-layout-column fusion_builder_column_inner fusion-builder-nested-column-6 fusion-flex-column fusion-flex-align-self-stretch fusion-column-inner-bg-wrapper\" style=\"--awb-inner-bg-size:cover;--awb-width-large:13%;--awb-margin-top-large:0px;--awb-spacing-right-large:14.769230769231%;--awb-margin-bottom-large:0px;--awb-spacing-left-large:14.769230769231%;--awb-width-medium:13%;--awb-order-medium:0;--awb-spacing-right-medium:14.769230769231%;--awb-spacing-left-medium:14.769230769231%;--awb-width-small:20%;--awb-order-small:0;--awb-spacing-right-small:9.6%;--awb-spacing-left-small:9.6%;\" data-scroll-devices=\"small-visibility,medium-visibility,large-visibility\"><span class=\"fusion-column-inner-bg hover-type-none\"><a class=\"fusion-column-anchor\" href=\"\/ca\/residents\/actualitat\/\"><span class=\"fusion-column-inner-bg-image\"><\/span><\/a><\/span><div class=\"fusion-column-wrapper fusion-column-has-shadow fusion-flex-justify-content-center fusion-content-layout-column\"><i class=\"fb-icon-element-4 fb-icon-element fontawesome-icon icon-flecha-arriba-a-la-derecha-8 circle-no fusion-text-flow\" style=\"--awb-iconcolor:var(--awb-color3);--awb-iconcolor-hover:var(--awb-color3);--awb-font-size:32px;--awb-margin-right:16px;\"><\/i><\/div><\/div><div class=\"fusion-layout-column fusion_builder_column_inner fusion-builder-nested-column-7 fusion-flex-column fusion-flex-align-self-center\" style=\"--awb-bg-size:cover;--awb-width-large:86%;--awb-margin-top-large:0px;--awb-spacing-right-large:2.2325581395349%;--awb-margin-bottom-large:0px;--awb-spacing-left-large:2.2325581395349%;--awb-width-medium:86%;--awb-order-medium:0;--awb-spacing-right-medium:2.2325581395349%;--awb-spacing-left-medium:2.2325581395349%;--awb-width-small:80%;--awb-order-small:0;--awb-spacing-right-small:2.4%;--awb-spacing-left-small:2.4%;\" data-scroll-devices=\"small-visibility,medium-visibility,large-visibility\"><div class=\"fusion-column-wrapper fusion-column-has-shadow fusion-flex-justify-content-flex-start fusion-content-layout-column\"><div class=\"fusion-title title fusion-title-6 fusion-sep-none fusion-title-text fusion-title-size-div\" style=\"--awb-text-color:var(--awb-color7);--awb-margin-bottom:0px;--awb-margin-top-small:10px;--awb-margin-right-small:0px;--awb-margin-bottom-small:10px;--awb-margin-left-small:0px;--awb-link-hover-color:var(--awb-color3);--awb-font-size:var(--awb-typography3-font-size);\"><div class=\"fusion-title-heading title-heading-left title-heading-tag fusion-responsive-typography-calculated\" style=\"font-family:var(--awb-typography3-font-family);font-weight:var(--awb-typography3-font-weight);font-style:var(--awb-typography3-font-style);margin:0;letter-spacing:var(--awb-typography3-letter-spacing);text-transform:var(--awb-typography3-text-transform);font-size:1em;--fontSize:21;--minFontSize:21;line-height:var(--awb-typography3-line-height);\"><a href=\"\/ca\/residents\/actualitat\/\" class=\"awb-custom-text-color awb-custom-text-hover-color\" target=\"_self\">Dia a dia en la resid\u00e8ncia Sant Jordi<\/a><\/div><\/div><div class=\"fusion-text fusion-text-5 fusion-text-no-margin\" style=\"--awb-font-size:15px;--awb-line-height:var(--awb-typography4-line-height);--awb-letter-spacing:var(--awb-typography4-letter-spacing);--awb-text-transform:var(--awb-typography4-text-transform);--awb-text-color:var(--awb-color8);--awb-margin-bottom:0px;--awb-text-font-family:var(--awb-typography4-font-family);--awb-text-font-weight:var(--awb-typography4-font-weight);--awb-text-font-style:var(--awb-typography4-font-style);\"><p>Estigues sempre connectat amb el que importa<\/p>\n<\/div><\/div><\/div><\/div><\/div><\/div><\/div><\/div><div class=\"fusion-fullwidth fullwidth-box fusion-builder-row-2 fusion-flex-container has-pattern-background has-mask-background fusion-parallax-none nonhundred-percent-fullwidth non-hundred-percent-height-scrolling margenes lateral\" style=\"--awb-border-radius-top-left:0px;--awb-border-radius-top-right:0px;--awb-border-radius-bottom-right:0px;--awb-border-radius-bottom-left:0px;--awb-padding-top:0px;--awb-padding-bottom:0px;--awb-padding-top-small:35px;--awb-padding-right-small:0px;--awb-padding-bottom-small:0px;--awb-padding-left-small:0px;--awb-margin-top:0px;--awb-margin-bottom:50px;--awb-margin-bottom-small:0px;--awb-background-image:linear-gradient(90deg, rgba(2,2,2,0.57) 0%,rgba(255,255,255,0) 100%),url(https:\/\/residenciasantjordi.es\/wp-content\/uploads\/fondo-06.webp);;--awb-background-size:cover;--awb-flex-wrap:wrap;\" ><div class=\"fusion-builder-row fusion-row fusion-flex-align-items-center fusion-flex-justify-content-center fusion-flex-content-wrap\" style=\"max-width:1612px;margin-left: calc(-4% \/ 2 );margin-right: calc(-4% \/ 2 );\"><div class=\"fusion-layout-column fusion_builder_column fusion-builder-column-2 fusion_builder_column_3_5 3_5 fusion-flex-column\" style=\"--awb-padding-right-small:8%;--awb-padding-bottom-small:25px;--awb-padding-left-small:8%;--awb-bg-size:cover;--awb-width-large:60%;--awb-margin-top-large:0px;--awb-spacing-right-large:12.8%;--awb-margin-bottom-large:0px;--awb-spacing-left-large:3.2%;--awb-width-medium:60%;--awb-order-medium:0;--awb-spacing-right-medium:12.8%;--awb-spacing-left-medium:3.2%;--awb-width-small:100%;--awb-order-small:0;--awb-spacing-right-small:1.92%;--awb-spacing-left-small:1.92%;\" data-scroll-devices=\"small-visibility,medium-visibility,large-visibility\"><div class=\"fusion-column-wrapper fusion-column-has-shadow fusion-flex-justify-content-flex-start fusion-content-layout-column\"><div class=\"fusion-title title fusion-title-7 fusion-sep-none fusion-title-text fusion-title-size-div titulo1\" style=\"--awb-text-color:#ffffff;--awb-margin-bottom:20px;--awb-margin-top-small:10px;--awb-margin-right-small:0px;--awb-margin-bottom-small:10px;--awb-margin-left-small:0px;--awb-font-size:65px;\"><div class=\"fusion-title-heading title-heading-left title-heading-tag fusion-responsive-typography-calculated\" style=\"font-family:var(--awb-typography1-font-family);font-weight:var(--awb-typography1-font-weight);font-style:var(--awb-typography1-font-style);margin:0;letter-spacing:var(--awb-typography1-letter-spacing);text-transform:var(--awb-typography1-text-transform);font-size:1em;--fontSize:65;line-height:var(--awb-typography1-line-height);\">Sempre al teu <span class=\"linea\">costat<\/span><\/div><\/div><div class=\"fusion-text fusion-text-6 fusion-text-no-margin\" style=\"--awb-font-size:var(--awb-typography3-font-size);--awb-line-height:var(--awb-typography3-line-height);--awb-letter-spacing:var(--awb-typography3-letter-spacing);--awb-text-transform:var(--awb-typography3-text-transform);--awb-text-color:#ffffff;--awb-margin-bottom:0px;--awb-text-font-family:var(--awb-typography3-font-family);--awb-text-font-weight:var(--awb-typography3-font-weight);--awb-text-font-style:var(--awb-typography3-font-style);\"><p>Si tens preguntes o necessites parlar amb nosaltres, no dubtis a contactar. T\u2019escoltem.<\/p>\n<\/div><nav class=\"awb-menu awb-menu_column awb-menu_em-hover mobile-mode-always-expanded awb-menu_icons-left awb-menu_dc-yes mobile-trigger-fullwidth-off awb-menu_mobile-toggle awb-menu_indent-center loading mega-menu-loading awb-menu_desktop awb-menu_dropdown awb-menu_expand-right awb-menu_transition-fade\" style=\"--awb-font-size:var(--awb-typography2-font-size);--awb-line-height:var(--awb-typography2-line-height);--awb-text-transform:var(--awb-typography2-text-transform);--awb-justify-content:center;--awb-items-padding-top:5px;--awb-items-padding-bottom:5px;--awb-color:var(--awb-color1);--awb-letter-spacing:var(--awb-typography2-letter-spacing);--awb-active-color:var(--awb-color3);--awb-icons-size:21;--awb-icons-color:var(--awb-color1);--awb-icons-hover-color:var(--awb-color3);--awb-main-justify-content:flex-start;--awb-mobile-bg:rgba(255,255,255,0);--awb-mobile-color:var(--awb-color1);--awb-mobile-nav-items-height:35;--awb-mobile-active-bg:rgba(249,249,251,0);--awb-mobile-active-color:var(--awb-color3);--awb-mobile-font-size:16px;--awb-mobile-sep-color:rgba(0,0,0,0);--awb-mobile-justify:center;--awb-mobile-caret-left:auto;--awb-mobile-caret-right:0;--awb-fusion-font-family-typography:var(--awb-typography2-font-family);--awb-fusion-font-weight-typography:var(--awb-typography2-font-weight);--awb-fusion-font-style-typography:var(--awb-typography2-font-style);--awb-fusion-font-family-submenu-typography:inherit;--awb-fusion-font-style-submenu-typography:normal;--awb-fusion-font-weight-submenu-typography:400;--awb-fusion-font-family-mobile-typography:inherit;--awb-fusion-font-style-mobile-typography:normal;--awb-fusion-font-weight-mobile-typography:400;\" aria-label=\"Men\u00fa contacto - Catal\u00e1n\" data-breakpoint=\"1024\" data-count=\"0\" data-transition-type=\"fade\" data-transition-time=\"300\" data-expand=\"right\"><button type=\"button\" class=\"awb-menu__m-toggle awb-menu__m-toggle_no-text\" aria-expanded=\"false\" aria-controls=\"menu-menu-contacto-catalan\"><span class=\"awb-menu__m-toggle-inner\"><span class=\"collapsed-nav-text\"><span class=\"screen-reader-text\">Toggle Navigation<\/span><\/span><span class=\"awb-menu__m-collapse-icon awb-menu__m-collapse-icon_no-text\"><span class=\"awb-menu__m-collapse-icon-open awb-menu__m-collapse-icon-open_no-text fa-bars fas\"><\/span><span class=\"awb-menu__m-collapse-icon-close awb-menu__m-collapse-icon-close_no-text fa-times fas\"><\/span><\/span><\/span><\/button><ul id=\"menu-menu-contacto-catalan\" class=\"fusion-menu awb-menu__main-ul awb-menu__main-ul_column\"><li  id=\"menu-item-2021\"  class=\"a1i0s0 menu-item menu-item-type-custom menu-item-object-custom menu-item-2021 awb-menu__li awb-menu__main-li awb-menu__main-li_regular\"  data-classes=\"a1i0s0\" data-item-id=\"2021\"><span class=\"awb-menu__main-background-default awb-menu__main-background-default_fade\"><\/span><span class=\"awb-menu__main-background-active awb-menu__main-background-active_fade\"><\/span><a  href=\"tel:+34935404103\" class=\"awb-menu__main-a awb-menu__main-a_regular fusion-flex-link\"><span class=\"awb-menu__i awb-menu__i_main fusion-megamenu-icon\"><i class=\"glyphicon fa-phone-volume fas\" aria-hidden=\"true\"><\/i><\/span><span class=\"menu-text\">T. 93 540 41 03<\/span><\/a><\/li><li  id=\"menu-item-2022\"  class=\"a1i0s0 menu-item menu-item-type-custom menu-item-object-custom menu-item-2022 awb-menu__li awb-menu__main-li awb-menu__main-li_regular\"  data-classes=\"a1i0s0\" data-item-id=\"2022\"><span class=\"awb-menu__main-background-default awb-menu__main-background-default_fade\"><\/span><span class=\"awb-menu__main-background-active awb-menu__main-background-active_fade\"><\/span><a  href=\"mailto:direccio@residenciasantjordi.es\" class=\"awb-menu__main-a awb-menu__main-a_regular fusion-flex-link\"><span class=\"awb-menu__i awb-menu__i_main fusion-megamenu-icon\"><i class=\"glyphicon fa-envelope far\" aria-hidden=\"true\"><\/i><\/span><span class=\"menu-text\">direccio@residenciasantjordi.es<\/span><\/a><\/li><\/ul><\/nav><\/div><\/div><div class=\"fusion-layout-column fusion_builder_column fusion-builder-column-3 fusion_builder_column_2_5 2_5 fusion-flex-column\" style=\"--awb-padding-top:30px;--awb-padding-right:30px;--awb-padding-bottom:30px;--awb-padding-left:30px;--awb-bg-color:var(--awb-color1);--awb-bg-color-hover:var(--awb-color1);--awb-bg-size:cover;--awb-border-color:var(--awb-color7);--awb-border-right:2px;--awb-border-left:2px;--awb-border-style:solid;--awb-width-large:40%;--awb-margin-top-large:0px;--awb-spacing-right-large:4.8%;--awb-margin-bottom-large:0px;--awb-spacing-left-large:4.8%;--awb-width-medium:40%;--awb-order-medium:0;--awb-spacing-right-medium:4.8%;--awb-spacing-left-medium:4.8%;--awb-width-small:100%;--awb-order-small:0;--awb-spacing-right-small:1.92%;--awb-spacing-left-small:1.92%;\" data-scroll-devices=\"small-visibility,medium-visibility,large-visibility\"><div class=\"fusion-column-wrapper fusion-column-has-shadow fusion-flex-justify-content-flex-start fusion-content-layout-column\"><div class=\"fusion-form fusion-form-builder fusion-form-form-wrapper fusion-form-1690\" style=\"--awb-tooltip-text-color:var(--awb-color1);--awb-tooltip-background-color:var(--awb-color7);--awb-field-margin-top:3px;--awb-field-margin-bottom:3px;--awb-form-input-height:48px;--awb-form-bg-color:var(--awb-color1);--awb-form-font-size:17px;--awb-form-placeholder-color:hsla(var(--awb-color7-h),var(--awb-color7-s),var(--awb-color7-l),calc(var(--awb-color7-a) - 30%));--awb-form-text-color:var(--awb-color7);--awb-form-label-color:var(--awb-color7);--awb-form-border-color:var(--awb-color7);--awb-form-focus-border-color:var(--awb-color3);--awb-form-focus-border-hover-color:hsla(var(--awb-color3-h),var(--awb-color3-s),var(--awb-color3-l),calc(var(--awb-color3-a) - 50%));--awb-form-border-radius:10px;\" data-form-id=\"1690\" data-config=\"{&quot;form_id&quot;:1690,&quot;form_post_id&quot;:1690,&quot;post_id&quot;:1750,&quot;form_type&quot;:&quot;ajax&quot;,&quot;confirmation_type&quot;:&quot;message&quot;,&quot;redirect_url&quot;:&quot;&quot;,&quot;redirect_timeout&quot;:&quot;0&quot;,&quot;field_labels&quot;:{&quot;Nombre&quot;:&quot;Nom&quot;,&quot;email_address&quot;:&quot;Correu electr\\u00f2nic&quot;,&quot;Tel\\u00e9fono&quot;:&quot;Tel\\u00e8fon&quot;,&quot;mensaje&quot;:&quot;Missatge&quot;,&quot;acepto&quot;:&quot;&quot;,&quot;autorizo&quot;:&quot;&quot;},&quot;field_logics&quot;:{&quot;notice_1&quot;:&quot;&quot;,&quot;Nombre&quot;:&quot;&quot;,&quot;email_address&quot;:&quot;&quot;,&quot;Tel\\u00e9fono&quot;:&quot;&quot;,&quot;mensaje&quot;:&quot;&quot;,&quot;acepto&quot;:&quot;&quot;,&quot;autorizo&quot;:&quot;&quot;,&quot;submit_1&quot;:&quot;&quot;},&quot;field_types&quot;:{&quot;notice_1&quot;:&quot;notice&quot;,&quot;Nombre&quot;:&quot;text&quot;,&quot;email_address&quot;:&quot;email&quot;,&quot;Tel\\u00e9fono&quot;:&quot;phone_number&quot;,&quot;mensaje&quot;:&quot;textarea&quot;,&quot;acepto&quot;:&quot;consent&quot;,&quot;autorizo&quot;:&quot;consent&quot;,&quot;turnstile_1&quot;:&quot;turnstile&quot;,&quot;submit_1&quot;:&quot;submit&quot;,&quot;hidden_field&quot;:&quot;hidden&quot;},&quot;nonce_method&quot;:&quot;ajax&quot;,&quot;form_views&quot;:&quot;ajax&quot;,&quot;form_views_counting&quot;:&quot;all&quot;}\"><form action=\"https:\/\/residenciasantjordi.es\/ca\/vida-a-la-residencia\/\" method=\"post\" class=\"fusion-form fusion-form-1690\"><div class=\"fusion-fullwidth fullwidth-box fusion-builder-row-2-1 fusion-flex-container nonhundred-percent-fullwidth non-hundred-percent-height-scrolling\" style=\"--link_hover_color: #e88945;--awb-border-sizes-top:0px;--awb-border-sizes-bottom:0px;--awb-border-sizes-left:0px;--awb-border-sizes-right:0px;--awb-border-radius-top-left:0px;--awb-border-radius-top-right:0px;--awb-border-radius-bottom-right:0px;--awb-border-radius-bottom-left:0px;--awb-padding-top:0px;--awb-padding-right:0px;--awb-padding-bottom:0px;--awb-padding-left:0px;--awb-margin-top:0px;--awb-margin-bottom:0px;--awb-flex-wrap:wrap;\" ><div class=\"fusion-builder-row fusion-row fusion-flex-align-items-flex-start fusion-flex-content-wrap\" style=\"width:104% !important;max-width:104% !important;margin-left: calc(-4% \/ 2 );margin-right: calc(-4% \/ 2 );\"><div class=\"fusion-layout-column fusion_builder_column fusion-builder-column-4 fusion_builder_column_1_1 1_1 fusion-flex-column\" style=\"--awb-bg-size:cover;--awb-width-large:100%;--awb-flex-grow:0;--awb-flex-shrink:0;--awb-margin-top-large:0px;--awb-spacing-right-large:1.92%;--awb-margin-bottom-large:0px;--awb-spacing-left-large:1.92%;--awb-width-medium:100%;--awb-order-medium:0;--awb-flex-grow-medium:0;--awb-flex-shrink-medium:0;--awb-spacing-right-medium:1.92%;--awb-spacing-left-medium:1.92%;--awb-width-small:100%;--awb-order-small:0;--awb-flex-grow-small:0;--awb-flex-shrink-small:0;--awb-spacing-right-small:1.92%;--awb-spacing-left-small:1.92%;\"><div class=\"fusion-column-wrapper fusion-column-has-shadow fusion-flex-justify-content-flex-start fusion-content-layout-column\"><div class=\"form-submission-notices data-notice_1\" id=\"fusion-notices-1\" data-instance=\"1\"><div class=\"fusion-alert alert success alert-success fusion-alert-center fusion-form-response fusion-form-response-success awb-alert-native-link-color alert-dismissable awb-alert-close-boxed\" role=\"alert\"><div class=\"fusion-alert-content-wrapper\"><span class=\"alert-icon\"><i class=\"awb-icon-check-circle\" aria-hidden=\"true\"><\/i><\/span><span class=\"fusion-alert-content\">Gr\u00e0cies per prendre't el temps d'escriure'ns. Et confirmem que hem rebut el teu formulari. En general, responem tots els missatges en 2 o 3 dies, per\u00f2 ens posarem en contacte amb tu al m\u00e9s aviat possible.\n\nSi tens alguna consulta urgent, no dubtis a trucar-nos al 935 404 103 o escriure'ns a direccio@residenciasantjordi.es.\n\nUna cordial salutaci\u00f3.\nL'equip de Resid\u00e8ncia Sant Jordi<\/span><\/div><button type=\"button\" class=\"close toggle-alert\" data-dismiss=\"alert\" aria-label=\"Close\">&times;<\/button><\/div><div class=\"fusion-alert alert error alert-danger fusion-alert-center fusion-form-response fusion-form-response-error awb-alert-native-link-color alert-dismissable awb-alert-close-boxed\" role=\"alert\"><div class=\"fusion-alert-content-wrapper\"><span class=\"alert-icon\"><i class=\"awb-icon-exclamation-triangle\" aria-hidden=\"true\"><\/i><\/span><span class=\"fusion-alert-content\">Missatge no enviat.<\/span><\/div><button type=\"button\" class=\"close toggle-alert\" data-dismiss=\"alert\" aria-label=\"Close\">&times;<\/button><\/div><\/div><\/div><\/div><div class=\"fusion-layout-column fusion_builder_column fusion-builder-column-5 fusion_builder_column_1_1 1_1 fusion-flex-column\" style=\"--awb-bg-size:cover;--awb-width-large:100%;--awb-flex-grow:0;--awb-flex-shrink:0;--awb-margin-top-large:0px;--awb-spacing-right-large:1.92%;--awb-margin-bottom-large:0px;--awb-spacing-left-large:1.92%;--awb-width-medium:100%;--awb-order-medium:0;--awb-flex-grow-medium:0;--awb-flex-shrink-medium:0;--awb-spacing-right-medium:1.92%;--awb-spacing-left-medium:1.92%;--awb-width-small:100%;--awb-order-small:0;--awb-flex-grow-small:0;--awb-flex-shrink-small:0;--awb-spacing-right-small:1.92%;--awb-spacing-left-small:1.92%;\"><div class=\"fusion-column-wrapper fusion-column-has-shadow fusion-flex-justify-content-flex-start fusion-content-layout-column\"><div class=\"fusion-form-field fusion-form-text-field fusion-form-label-above\" style=\"\" data-form-id=\"1690\"><div class=\"fusion-form-label-wrapper\"><label for=\"Nombre\">Nom <abbr class=\"fusion-form-element-required\" title=\"required\">*<\/abbr><\/label><\/div><input type=\"text\" autocomplete=\"off\" name=\"Nombre\" id=\"Nombre\" value=\"\"  class=\"fusion-form-input\" required=\"true\" aria-required=\"true\" data-holds-private-data=\"false\" minlength=\"0\"\/><\/div><div class=\"fusion-form-field fusion-form-email-field fusion-form-label-above\" style=\"\" data-form-id=\"1690\"><div class=\"fusion-form-label-wrapper\"><label for=\"email_address\">Correu electr\u00f2nic <abbr class=\"fusion-form-element-required\" title=\"required\">*<\/abbr><\/label><\/div><input type=\"email\" autocomplete=\"off\" name=\"email_address\" id=\"email_address\" value=\"\"  class=\"fusion-form-input\" required=\"true\" aria-required=\"true\" data-holds-private-data=\"false\"\/><\/div><div class=\"fusion-form-field fusion-form-phone-number-field fusion-form-label-above\" style=\"\" data-form-id=\"1690\"><div class=\"fusion-form-label-wrapper\"><label for=\"Tel\u00e9fono\">Tel\u00e8fon <abbr class=\"fusion-form-element-required\" title=\"required\">*<\/abbr><\/label><\/div><input type=\"tel\" autocomplete=\"off\" name=\"Tel\u00e9fono\" id=\"Tel\u00e9fono\" value=\"\"  class=\"fusion-form-input\" required=\"true\" aria-required=\"true\" data-holds-private-data=\"false\"\/><\/div><div class=\"fusion-form-field fusion-form-textarea-field fusion-form-label-above\" style=\"\" data-form-id=\"1690\"><label for=\"mensaje\">Missatge<\/label><textarea cols=\"40\" autocomplete=\"off\"  minlength=\"0\"  rows=\"2\" tabindex=\"\" id=\"mensaje\" name=\"mensaje\" class=\"fusion-form-input\" data-holds-private-data=\"false\"><\/textarea><\/div><div class=\"fusion-form-field fusion-form-consent-field fusion-form-label-above legal\" style=\"\" data-form-id=\"1690\"><div class=\"fusion-form-checkbox option-inline\"><input tabindex=\"\" id=\"acepto\" type=\"checkbox\" value=\"1\" name=\"acepto\" class=\"fusion-form-input\"\/><label for=\"acepto\">Consento l'\u00fas de les meves dades per als fins indicats en la pol\u00edtica de privacitat \"LES SEVES DADES SEGURES\u201d.<\/label><\/div><\/div><div class=\"fusion-form-field fusion-form-consent-field fusion-form-label-above legal\" style=\"\" data-form-id=\"1690\"><div class=\"fusion-form-checkbox option-inline\"><input tabindex=\"\" id=\"autorizo\" type=\"checkbox\" value=\"1\" name=\"autorizo\" class=\"fusion-form-input\"\/><label for=\"autorizo\">Consento l'\u00fas de les meves dades personals per a rebre publicitat de la seva entitat<\/label><\/div><\/div><div class=\"fusion-form-field fusion-form-turnstile-field fusion-form-label-above\" style=\"\" data-form-id=\"1690\"><div class=\"awb-forms-turnstile cf-turnstile\" data-response-field-name=\"cf-turnstile-response-1\" data-sitekey=\"0x4AAAAAAB71HX-wcof3P8Bi\" data-appearance=\"always\" data-theme=\"auto\" data-size=\"normal\" data-language=\"auto\"><\/div><\/div><div class=\"fusion-form-field fusion-form-submit-field fusion-form-label-above\" style=\"\" data-form-id=\"1690\"><div ><button type=\"submit\" class=\"fusion-button button-flat fusion-button-default-size button-custom fusion-button-default button-1 fusion-button-span-yes  button-default form-form-submit\" style=\"--awb-margin-top:20px;--awb-padding-top:18px;--awb-padding-bottom:18px;--button_accent_color:#ffffff;--button_accent_hover_color:#ffffff;--button_border_hover_color:var(--awb-color1);--button_border_width-top:0px;--button_border_width-right:0px;--button_border_width-bottom:0px;--button_border_width-left:0px;--button_gradient_top_color:var(--awb-color7);--button_gradient_bottom_color:var(--awb-color7);--button_gradient_top_color_hover:var(--awb-color3);--button_gradient_bottom_color_hover:var(--awb-color3);--button_text_transform:var(--awb-typography4-text-transform);--button_font_size:var(--awb-typography4-font-size);--button_line_height:var(--awb-typography4-line-height);--button_typography-letter-spacing:var(--awb-typography4-letter-spacing);--button_typography-font-family:var(--awb-typography4-font-family);--button_typography-font-weight:var(--awb-typography4-font-weight);--button_typography-font-style:var(--awb-typography4-font-style);\" data-form-number=\"1690\" tabindex=\"\"><span class=\"fusion-button-text awb-button__text awb-button__text--default\">Et truquem<\/span><\/button><\/div><\/div><div class=\"fusion-text fusion-text-7\" style=\"--awb-font-size:10px;--awb-text-color:var(--awb-color8);--awb-margin-top:10px;\"><p><strong>Responsable:\u00a0SANT MIQUEL 65, S.L..<\/strong><br \/>\n<strong>Finalitat<\/strong>: Resoluci\u00f3 de consultes, prestaci\u00f3 de la informaci\u00f3 requerida pels interessats i contactes amb aquests, pr\u00e8via sol\u00b7licitud d'aquests.<br \/>\n<strong>Legitimaci\u00f3<\/strong>: Consentiment de l'interessat.<br \/>\n<strong>Destinataris<\/strong>: No se cediran a tercers, excepte obligaci\u00f3 legal.<br \/>\n<strong>Drets<\/strong>: Accedir, rectificar, limitar i suprimir les dades, entre altres, aix\u00ed com presentar una reclamaci\u00f3 davant l'autoritat nacional de control, com s'explica en la informaci\u00f3 addicional.<br \/>\n<strong>Informaci\u00f3 Addicional<\/strong>: Pot consultar la informaci\u00f3 addicional i detallada sobre Protecci\u00f3 de Dades en la nostra \u201cPol\u00edtica de Privacitat\u201d.<\/p>\n<\/div>\n<div class=\"fusion-form-field fusion-form-hidden-field fusion-form-label-above\" style=\"\" data-form-id=\"1690\"><input type=\"hidden\" autocomplete=\"off\" name=\"hidden_field\" id=\"hidden_field\" value=\"Hidden Value\"  class=\"fusion-form-input\" data-holds-private-data=\"false\"\/><\/div><\/div><\/div><\/div><\/div><input type=\"hidden\" name=\"fusion_privacy_expiration_interval\" value=\"48\"><input type=\"hidden\" name=\"privacy_expiration_action\" value=\"anonymize\"><\/form><\/div><\/div><\/div><\/div><\/div><div class=\"fusion-fullwidth fullwidth-box fusion-builder-row-3 fusion-flex-container has-pattern-background has-mask-background nonhundred-percent-fullwidth non-hundred-percent-height-scrolling\" style=\"--awb-border-radius-top-left:0px;--awb-border-radius-top-right:0px;--awb-border-radius-bottom-right:0px;--awb-border-radius-bottom-left:0px;--awb-padding-top:50px;--awb-padding-bottom:50px;--awb-padding-bottom-small:48px;--awb-flex-wrap:wrap;\" ><div class=\"fusion-builder-row fusion-row fusion-flex-align-items-flex-start fusion-flex-content-wrap\" style=\"max-width:1612px;margin-left: calc(-4% \/ 2 );margin-right: calc(-4% \/ 2 );\"><div class=\"fusion-layout-column fusion_builder_column fusion-builder-column-6 fusion_builder_column_3_5 3_5 fusion-flex-column\" style=\"--awb-padding-top:20px;--awb-padding-bottom:20px;--awb-bg-size:cover;--awb-width-large:60%;--awb-flex-grow:0;--awb-flex-shrink:0;--awb-margin-top-large:0px;--awb-spacing-right-large:3.2%;--awb-margin-bottom-large:20px;--awb-spacing-left-large:3.2%;--awb-width-medium:60%;--awb-order-medium:0;--awb-flex-grow-medium:0;--awb-flex-shrink-medium:0;--awb-spacing-right-medium:3.2%;--awb-spacing-left-medium:3.2%;--awb-width-small:100%;--awb-order-small:1;--awb-flex-grow-small:0;--awb-flex-shrink-small:0;--awb-spacing-right-small:1.92%;--awb-spacing-left-small:1.92%;\" data-scroll-devices=\"small-visibility,medium-visibility,large-visibility\"><div class=\"fusion-column-wrapper fusion-column-has-shadow fusion-flex-justify-content-flex-start fusion-content-layout-column\"><div class=\"fusion-post-cards fusion-post-cards-1 awb-carousel awb-swiper awb-swiper-carousel awb-swiper-dots-position-bottom\" style=\"--awb-column-spacing:21px;--awb-dots-align:center;--awb-columns:2;--awb-active-filter-border-size:3px;--awb-filters-height:36px;--awb-row-spacing:20px;\" data-post-type-label=\"entrades\" data-autoplay=\"no\" data-autoplayspeed=\"2500\" data-autoplaypause=\"no\" data-loop=\"yes\" data-columns=\"2\" data-columnsmedium=\"0\" data-columnssmall=\"1\" data-itemmargin=\"21\" data-itemwidth=\"180\" data-touchscroll=\"drag\" data-freemode=\"no\" data-imagesize=\"auto\" data-scrollitems=\"1\" data-mousepointer=\"custom\" data-layout=\"carousel\" data-centeredslides=\"no\" data-shadow=\"no\" data-speed=\"500\" data-rotationangle=\"50\" data-depth=\"100\" data-cursor-color-mode=\"auto\"><div class=\"swiper-wrapper fusion-flex-align-items-stretch\"><div class=\"fusion_builder_column fusion-builder-column-7 fusion-flex-column post-card swiper-slide\" style=\"--awb-padding-bottom:10px;--awb-padding-bottom-medium:35px;--awb-overflow:hidden;--awb-bg-color:var(--awb-color1);--awb-bg-color-hover:var(--awb-color1);--awb-bg-size:cover;--awb-box-shadow:2px 5px 6px 0px rgba(19,21,22,0.12);;--awb-border-color:var(--awb-color3);--awb-border-style:solid;--awb-border-radius:12px 12px 12px 12px;--awb-flex-grow:0;--awb-flex-shrink:0;--awb-flex-grow-medium:0;--awb-flex-shrink-medium:0;--awb-flex-grow-small:0;--awb-flex-shrink-small:0;\" data-scroll-devices=\"small-visibility,medium-visibility,large-visibility\"><div class=\"fusion-column-wrapper fusion-column-has-shadow fusion-flex-justify-content-flex-start fusion-content-layout-column fusion-carousel-item-wrapper\"><div class=\"fusion-image-element \" style=\"--awb-caption-title-font-family:var(--h2_typography-font-family);--awb-caption-title-font-weight:var(--h2_typography-font-weight);--awb-caption-title-font-style:var(--h2_typography-font-style);--awb-caption-title-size:var(--h2_typography-font-size);--awb-caption-title-transform:var(--h2_typography-text-transform);--awb-caption-title-line-height:var(--h2_typography-line-height);--awb-caption-title-letter-spacing:var(--h2_typography-letter-spacing);\"><span class=\" fusion-imageframe imageframe-none imageframe-1 hover-type-none\"><a class=\"fusion-no-lightbox\" href=\"https:\/\/residenciasantjordi.es\/ca\/celebracio-de-sant-jordi-a-la-residencia-musica-i-tradicio\/\" target=\"_self\" aria-label=\"santJordi-Destacada\"><img decoding=\"async\" width=\"1200\" height=\"680\" alt=\"Celebraci\u00f3n de Sant Jordi en la residencia: m\u00fasica y tradici\u00f3n\" src=\"https:\/\/residenciasantjordi.es\/wp-content\/uploads\/santJordi-Destacada.webp\" class=\"img-responsive wp-image-2660\" srcset=\"https:\/\/residenciasantjordi.es\/wp-content\/uploads\/santJordi-Destacada-200x113.webp 200w, https:\/\/residenciasantjordi.es\/wp-content\/uploads\/santJordi-Destacada-400x227.webp 400w, https:\/\/residenciasantjordi.es\/wp-content\/uploads\/santJordi-Destacada-600x340.webp 600w, https:\/\/residenciasantjordi.es\/wp-content\/uploads\/santJordi-Destacada-800x453.webp 800w, https:\/\/residenciasantjordi.es\/wp-content\/uploads\/santJordi-Destacada.webp 1200w\" sizes=\"(max-width: 640px) 100vw, 1200px\" \/><\/a><\/span><\/div><div class=\"fusion-image-element \" style=\"--awb-margin-top:-40px;--awb-caption-title-font-family:var(--h2_typography-font-family);--awb-caption-title-font-weight:var(--h2_typography-font-weight);--awb-caption-title-font-style:var(--h2_typography-font-style);--awb-caption-title-size:var(--h2_typography-font-size);--awb-caption-title-transform:var(--h2_typography-text-transform);--awb-caption-title-line-height:var(--h2_typography-line-height);--awb-caption-title-letter-spacing:var(--h2_typography-letter-spacing);\"><span class=\" fusion-imageframe imageframe-none imageframe-2 hover-type-none\" style=\"z-index:500;\"><img decoding=\"async\" width=\"425\" height=\"80\" alt=\"Residencia Sant Jordi, El Masnou, Barcelona - Centro acreditado CatSalut\" title=\"Residencia Sant Jordi, El Masnou, Barcelona &#8211; Centro acreditado CatSalut\" src=\"https:\/\/residenciasantjordi.es\/wp-content\/uploads\/brush-425-rojo.png\" class=\"img-responsive wp-image-1574\" srcset=\"https:\/\/residenciasantjordi.es\/wp-content\/uploads\/brush-425-rojo-200x38.png 200w, https:\/\/residenciasantjordi.es\/wp-content\/uploads\/brush-425-rojo-400x75.png 400w, https:\/\/residenciasantjordi.es\/wp-content\/uploads\/brush-425-rojo.png 425w\" sizes=\"(max-width: 640px) 100vw, 425px\" \/><\/span><\/div><div style=\"text-align:center;\"><a class=\"fusion-button button-flat fusion-button-default-size button-custom fusion-button-default button-2 fusion-button-default-span \" style=\"--awb-margin-top:5px;--awb-margin-bottom:0px;--awb-padding-top:0px;--awb-padding-right:0px;--awb-padding-bottom:0px;--awb-padding-left:0px;--button_accent_color:var(--awb-color3);--button_border_color:#ffffff;--button_accent_hover_color:var(--awb-color7);--button_border_hover_color:#ffffff;--button_border_width-top:0px;--button_border_width-right:0px;--button_border_width-bottom:0px;--button_border_width-left:0px;--button-border-radius-top-left:6px;--button-border-radius-top-right:6px;--button-border-radius-bottom-right:6px;--button-border-radius-bottom-left:6px;--button_gradient_top_color:#ffffff;--button_gradient_bottom_color:#ffffff;--button_gradient_top_color_hover:#ffffff;--button_gradient_bottom_color_hover:#ffffff;--button_text_transform:var(--awb-typography4-text-transform);--button_font_size:var(--awb-typography4-font-size);--button_line_height:var(--awb-typography4-line-height);--button_typography-letter-spacing:var(--awb-typography4-letter-spacing);--button_typography-font-family:var(--awb-typography4-font-family);--button_typography-font-weight:var(--awb-typography4-font-weight);--button_typography-font-style:var(--awb-typography4-font-style);\" target=\"_self\" href=\"https:\/\/residenciasantjordi.es\/ca\/celebracio-de-sant-jordi-a-la-residencia-musica-i-tradicio\/\"><span class=\"fusion-button-text awb-button__text awb-button__text--default\">Blog<\/span><\/a><\/div><div class=\"fusion-title title fusion-title-8 fusion-sep-none fusion-title-center fusion-title-text fusion-title-size-div\" style=\"--awb-text-color:var(--awb-color8);--awb-margin-right:10px;--awb-margin-bottom:10px;--awb-margin-left:10px;--awb-margin-top-small:10px;--awb-margin-right-small:43px;--awb-margin-bottom-small:10px;--awb-margin-left-small:43px;--awb-margin-right-medium:43px;--awb-margin-left-medium:43px;--awb-link-hover-color:var(--awb-color3);--awb-font-size:18px;\"><div class=\"fusion-title-heading title-heading-center title-heading-tag fusion-responsive-typography-calculated\" style=\"font-family:var(--awb-typography3-font-family);font-weight:var(--awb-typography3-font-weight);font-style:var(--awb-typography3-font-style);margin:0;letter-spacing:var(--awb-typography3-letter-spacing);text-transform:var(--awb-typography3-text-transform);font-size:1em;--fontSize:18;--minFontSize:18;line-height:var(--awb-typography3-line-height);\"><a href=\"https:\/\/residenciasantjordi.es\/ca\/celebracio-de-sant-jordi-a-la-residencia-musica-i-tradicio\/\" class=\"awb-custom-text-color awb-custom-text-hover-color\" target=\"_self\">Celebraci\u00f3 de Sant Jordi a la resid\u00e8ncia: m\u00fasica i tradici\u00f3<\/a><\/div><\/div><\/div><\/div>\n<div class=\"fusion_builder_column fusion-builder-column-8 fusion-flex-column post-card swiper-slide\" style=\"--awb-padding-bottom:10px;--awb-padding-bottom-medium:35px;--awb-overflow:hidden;--awb-bg-color:var(--awb-color1);--awb-bg-color-hover:var(--awb-color1);--awb-bg-size:cover;--awb-box-shadow:2px 5px 6px 0px rgba(19,21,22,0.12);;--awb-border-color:var(--awb-color3);--awb-border-style:solid;--awb-border-radius:12px 12px 12px 12px;--awb-flex-grow:0;--awb-flex-shrink:0;--awb-flex-grow-medium:0;--awb-flex-shrink-medium:0;--awb-flex-grow-small:0;--awb-flex-shrink-small:0;\" data-scroll-devices=\"small-visibility,medium-visibility,large-visibility\"><div class=\"fusion-column-wrapper fusion-column-has-shadow fusion-flex-justify-content-flex-start fusion-content-layout-column fusion-carousel-item-wrapper\"><div class=\"fusion-image-element \" style=\"--awb-caption-title-font-family:var(--h2_typography-font-family);--awb-caption-title-font-weight:var(--h2_typography-font-weight);--awb-caption-title-font-style:var(--h2_typography-font-style);--awb-caption-title-size:var(--h2_typography-font-size);--awb-caption-title-transform:var(--h2_typography-text-transform);--awb-caption-title-line-height:var(--h2_typography-line-height);--awb-caption-title-letter-spacing:var(--h2_typography-letter-spacing);\"><span class=\" fusion-imageframe imageframe-none imageframe-3 hover-type-none\"><a class=\"fusion-no-lightbox\" href=\"https:\/\/residenciasantjordi.es\/ca\/carnaval-a-la-residencia-sant-jordi-2026\/\" target=\"_self\" aria-label=\"carnaval2026\"><img decoding=\"async\" width=\"1200\" height=\"680\" alt=\"Carnaval en la Resid\u00e8ncia Sant Jordi 2026\" src=\"https:\/\/residenciasantjordi.es\/wp-content\/uploads\/carnaval2026.webp\" class=\"img-responsive wp-image-2593\" srcset=\"https:\/\/residenciasantjordi.es\/wp-content\/uploads\/carnaval2026-200x113.webp 200w, https:\/\/residenciasantjordi.es\/wp-content\/uploads\/carnaval2026-400x227.webp 400w, https:\/\/residenciasantjordi.es\/wp-content\/uploads\/carnaval2026-600x340.webp 600w, https:\/\/residenciasantjordi.es\/wp-content\/uploads\/carnaval2026-800x453.webp 800w, https:\/\/residenciasantjordi.es\/wp-content\/uploads\/carnaval2026.webp 1200w\" sizes=\"(max-width: 640px) 100vw, 1200px\" \/><\/a><\/span><\/div><div class=\"fusion-image-element \" style=\"--awb-margin-top:-40px;--awb-caption-title-font-family:var(--h2_typography-font-family);--awb-caption-title-font-weight:var(--h2_typography-font-weight);--awb-caption-title-font-style:var(--h2_typography-font-style);--awb-caption-title-size:var(--h2_typography-font-size);--awb-caption-title-transform:var(--h2_typography-text-transform);--awb-caption-title-line-height:var(--h2_typography-line-height);--awb-caption-title-letter-spacing:var(--h2_typography-letter-spacing);\"><span class=\" fusion-imageframe imageframe-none imageframe-4 hover-type-none\" style=\"z-index:500;\"><img decoding=\"async\" width=\"425\" height=\"80\" alt=\"Residencia Sant Jordi, El Masnou, Barcelona - Centro acreditado CatSalut\" title=\"Residencia Sant Jordi, El Masnou, Barcelona &#8211; Centro acreditado CatSalut\" src=\"https:\/\/residenciasantjordi.es\/wp-content\/uploads\/brush-425-rojo.png\" class=\"img-responsive wp-image-1574\" srcset=\"https:\/\/residenciasantjordi.es\/wp-content\/uploads\/brush-425-rojo-200x38.png 200w, https:\/\/residenciasantjordi.es\/wp-content\/uploads\/brush-425-rojo-400x75.png 400w, https:\/\/residenciasantjordi.es\/wp-content\/uploads\/brush-425-rojo.png 425w\" sizes=\"(max-width: 640px) 100vw, 425px\" \/><\/span><\/div><div style=\"text-align:center;\"><a class=\"fusion-button button-flat fusion-button-default-size button-custom fusion-button-default button-3 fusion-button-default-span \" style=\"--awb-margin-top:5px;--awb-margin-bottom:0px;--awb-padding-top:0px;--awb-padding-right:0px;--awb-padding-bottom:0px;--awb-padding-left:0px;--button_accent_color:var(--awb-color3);--button_border_color:#ffffff;--button_accent_hover_color:var(--awb-color7);--button_border_hover_color:#ffffff;--button_border_width-top:0px;--button_border_width-right:0px;--button_border_width-bottom:0px;--button_border_width-left:0px;--button-border-radius-top-left:6px;--button-border-radius-top-right:6px;--button-border-radius-bottom-right:6px;--button-border-radius-bottom-left:6px;--button_gradient_top_color:#ffffff;--button_gradient_bottom_color:#ffffff;--button_gradient_top_color_hover:#ffffff;--button_gradient_bottom_color_hover:#ffffff;--button_text_transform:var(--awb-typography4-text-transform);--button_font_size:var(--awb-typography4-font-size);--button_line_height:var(--awb-typography4-line-height);--button_typography-letter-spacing:var(--awb-typography4-letter-spacing);--button_typography-font-family:var(--awb-typography4-font-family);--button_typography-font-weight:var(--awb-typography4-font-weight);--button_typography-font-style:var(--awb-typography4-font-style);\" target=\"_self\" href=\"https:\/\/residenciasantjordi.es\/ca\/carnaval-a-la-residencia-sant-jordi-2026\/\"><span class=\"fusion-button-text awb-button__text awb-button__text--default\">BlogSin categor\u00eda<\/span><\/a><\/div><div class=\"fusion-title title fusion-title-9 fusion-sep-none fusion-title-center fusion-title-text fusion-title-size-div\" style=\"--awb-text-color:var(--awb-color8);--awb-margin-right:10px;--awb-margin-bottom:10px;--awb-margin-left:10px;--awb-margin-top-small:10px;--awb-margin-right-small:43px;--awb-margin-bottom-small:10px;--awb-margin-left-small:43px;--awb-margin-right-medium:43px;--awb-margin-left-medium:43px;--awb-link-hover-color:var(--awb-color3);--awb-font-size:18px;\"><div class=\"fusion-title-heading title-heading-center title-heading-tag fusion-responsive-typography-calculated\" style=\"font-family:var(--awb-typography3-font-family);font-weight:var(--awb-typography3-font-weight);font-style:var(--awb-typography3-font-style);margin:0;letter-spacing:var(--awb-typography3-letter-spacing);text-transform:var(--awb-typography3-text-transform);font-size:1em;--fontSize:18;--minFontSize:18;line-height:var(--awb-typography3-line-height);\"><a href=\"https:\/\/residenciasantjordi.es\/ca\/carnaval-a-la-residencia-sant-jordi-2026\/\" class=\"awb-custom-text-color awb-custom-text-hover-color\" target=\"_self\">Carnaval a la Resid\u00e8ncia Sant Jordi &#8211; 2026<\/a><\/div><\/div><\/div><\/div>\n<div class=\"fusion_builder_column fusion-builder-column-9 fusion-flex-column post-card swiper-slide\" style=\"--awb-padding-bottom:10px;--awb-padding-bottom-medium:35px;--awb-overflow:hidden;--awb-bg-color:var(--awb-color1);--awb-bg-color-hover:var(--awb-color1);--awb-bg-size:cover;--awb-box-shadow:2px 5px 6px 0px rgba(19,21,22,0.12);;--awb-border-color:var(--awb-color3);--awb-border-style:solid;--awb-border-radius:12px 12px 12px 12px;--awb-flex-grow:0;--awb-flex-shrink:0;--awb-flex-grow-medium:0;--awb-flex-shrink-medium:0;--awb-flex-grow-small:0;--awb-flex-shrink-small:0;\" data-scroll-devices=\"small-visibility,medium-visibility,large-visibility\"><div class=\"fusion-column-wrapper fusion-column-has-shadow fusion-flex-justify-content-flex-start fusion-content-layout-column fusion-carousel-item-wrapper\"><div class=\"fusion-image-element \" style=\"--awb-caption-title-font-family:var(--h2_typography-font-family);--awb-caption-title-font-weight:var(--h2_typography-font-weight);--awb-caption-title-font-style:var(--h2_typography-font-style);--awb-caption-title-size:var(--h2_typography-font-size);--awb-caption-title-transform:var(--h2_typography-text-transform);--awb-caption-title-line-height:var(--h2_typography-line-height);--awb-caption-title-letter-spacing:var(--h2_typography-letter-spacing);\"><span class=\" fusion-imageframe imageframe-none imageframe-5 hover-type-none\"><a class=\"fusion-no-lightbox\" href=\"https:\/\/residenciasantjordi.es\/ca\/parla-amb-el-cos-dansa-i-logopedia-a-la-residencia-sant-jordi\/\" target=\"_self\" aria-label=\"Actividad de danza y logopedia en Residencia Sant Jordi\"><img decoding=\"async\" width=\"1200\" height=\"680\" alt=\"Actividad de danza y logopedia en Residencia Sant Jordi\" src=\"https:\/\/residenciasantjordi.es\/wp-content\/uploads\/marta-daniel-llinas-residenciasantjordi-2.webp\" class=\"img-responsive wp-image-2334\" srcset=\"https:\/\/residenciasantjordi.es\/wp-content\/uploads\/marta-daniel-llinas-residenciasantjordi-2-200x113.webp 200w, https:\/\/residenciasantjordi.es\/wp-content\/uploads\/marta-daniel-llinas-residenciasantjordi-2-400x227.webp 400w, https:\/\/residenciasantjordi.es\/wp-content\/uploads\/marta-daniel-llinas-residenciasantjordi-2-600x340.webp 600w, https:\/\/residenciasantjordi.es\/wp-content\/uploads\/marta-daniel-llinas-residenciasantjordi-2-800x453.webp 800w, https:\/\/residenciasantjordi.es\/wp-content\/uploads\/marta-daniel-llinas-residenciasantjordi-2.webp 1200w\" sizes=\"(max-width: 640px) 100vw, 1200px\" \/><\/a><\/span><\/div><div class=\"fusion-image-element \" style=\"--awb-margin-top:-40px;--awb-caption-title-font-family:var(--h2_typography-font-family);--awb-caption-title-font-weight:var(--h2_typography-font-weight);--awb-caption-title-font-style:var(--h2_typography-font-style);--awb-caption-title-size:var(--h2_typography-font-size);--awb-caption-title-transform:var(--h2_typography-text-transform);--awb-caption-title-line-height:var(--h2_typography-line-height);--awb-caption-title-letter-spacing:var(--h2_typography-letter-spacing);\"><span class=\" fusion-imageframe imageframe-none imageframe-6 hover-type-none\" style=\"z-index:500;\"><img decoding=\"async\" width=\"425\" height=\"80\" alt=\"Residencia Sant Jordi, El Masnou, Barcelona - Centro acreditado CatSalut\" title=\"Residencia Sant Jordi, El Masnou, Barcelona &#8211; Centro acreditado CatSalut\" src=\"https:\/\/residenciasantjordi.es\/wp-content\/uploads\/brush-425-rojo.png\" class=\"img-responsive wp-image-1574\" srcset=\"https:\/\/residenciasantjordi.es\/wp-content\/uploads\/brush-425-rojo-200x38.png 200w, https:\/\/residenciasantjordi.es\/wp-content\/uploads\/brush-425-rojo-400x75.png 400w, https:\/\/residenciasantjordi.es\/wp-content\/uploads\/brush-425-rojo.png 425w\" sizes=\"(max-width: 640px) 100vw, 425px\" \/><\/span><\/div><div style=\"text-align:center;\"><a class=\"fusion-button button-flat fusion-button-default-size button-custom fusion-button-default button-4 fusion-button-default-span \" style=\"--awb-margin-top:5px;--awb-margin-bottom:0px;--awb-padding-top:0px;--awb-padding-right:0px;--awb-padding-bottom:0px;--awb-padding-left:0px;--button_accent_color:var(--awb-color3);--button_border_color:#ffffff;--button_accent_hover_color:var(--awb-color7);--button_border_hover_color:#ffffff;--button_border_width-top:0px;--button_border_width-right:0px;--button_border_width-bottom:0px;--button_border_width-left:0px;--button-border-radius-top-left:6px;--button-border-radius-top-right:6px;--button-border-radius-bottom-right:6px;--button-border-radius-bottom-left:6px;--button_gradient_top_color:#ffffff;--button_gradient_bottom_color:#ffffff;--button_gradient_top_color_hover:#ffffff;--button_gradient_bottom_color_hover:#ffffff;--button_text_transform:var(--awb-typography4-text-transform);--button_font_size:var(--awb-typography4-font-size);--button_line_height:var(--awb-typography4-line-height);--button_typography-letter-spacing:var(--awb-typography4-letter-spacing);--button_typography-font-family:var(--awb-typography4-font-family);--button_typography-font-weight:var(--awb-typography4-font-weight);--button_typography-font-style:var(--awb-typography4-font-style);\" target=\"_self\" href=\"https:\/\/residenciasantjordi.es\/ca\/parla-amb-el-cos-dansa-i-logopedia-a-la-residencia-sant-jordi\/\"><span class=\"fusion-button-text awb-button__text awb-button__text--default\">Blog<\/span><\/a><\/div><div class=\"fusion-title title fusion-title-10 fusion-sep-none fusion-title-center fusion-title-text fusion-title-size-div\" style=\"--awb-text-color:var(--awb-color8);--awb-margin-right:10px;--awb-margin-bottom:10px;--awb-margin-left:10px;--awb-margin-top-small:10px;--awb-margin-right-small:43px;--awb-margin-bottom-small:10px;--awb-margin-left-small:43px;--awb-margin-right-medium:43px;--awb-margin-left-medium:43px;--awb-link-hover-color:var(--awb-color3);--awb-font-size:18px;\"><div class=\"fusion-title-heading title-heading-center title-heading-tag fusion-responsive-typography-calculated\" style=\"font-family:var(--awb-typography3-font-family);font-weight:var(--awb-typography3-font-weight);font-style:var(--awb-typography3-font-style);margin:0;letter-spacing:var(--awb-typography3-letter-spacing);text-transform:var(--awb-typography3-text-transform);font-size:1em;--fontSize:18;--minFontSize:18;line-height:var(--awb-typography3-line-height);\"><a href=\"https:\/\/residenciasantjordi.es\/ca\/parla-amb-el-cos-dansa-i-logopedia-a-la-residencia-sant-jordi\/\" class=\"awb-custom-text-color awb-custom-text-hover-color\" target=\"_self\">\u201cParla amb el cos\u201d: dansa i logop\u00e8dia a la Resid\u00e8ncia Sant Jordi<\/a><\/div><\/div><\/div><\/div>\n<div class=\"fusion_builder_column fusion-builder-column-10 fusion-flex-column post-card swiper-slide\" style=\"--awb-padding-bottom:10px;--awb-padding-bottom-medium:35px;--awb-overflow:hidden;--awb-bg-color:var(--awb-color1);--awb-bg-color-hover:var(--awb-color1);--awb-bg-size:cover;--awb-box-shadow:2px 5px 6px 0px rgba(19,21,22,0.12);;--awb-border-color:var(--awb-color3);--awb-border-style:solid;--awb-border-radius:12px 12px 12px 12px;--awb-flex-grow:0;--awb-flex-shrink:0;--awb-flex-grow-medium:0;--awb-flex-shrink-medium:0;--awb-flex-grow-small:0;--awb-flex-shrink-small:0;\" data-scroll-devices=\"small-visibility,medium-visibility,large-visibility\"><div class=\"fusion-column-wrapper fusion-column-has-shadow fusion-flex-justify-content-flex-start fusion-content-layout-column fusion-carousel-item-wrapper\"><div class=\"fusion-image-element \" style=\"--awb-caption-title-font-family:var(--h2_typography-font-family);--awb-caption-title-font-weight:var(--h2_typography-font-weight);--awb-caption-title-font-style:var(--h2_typography-font-style);--awb-caption-title-size:var(--h2_typography-font-size);--awb-caption-title-transform:var(--h2_typography-text-transform);--awb-caption-title-line-height:var(--h2_typography-line-height);--awb-caption-title-letter-spacing:var(--h2_typography-letter-spacing);\"><span class=\" fusion-imageframe imageframe-none imageframe-7 hover-type-none\"><a class=\"fusion-no-lightbox\" href=\"https:\/\/residenciasantjordi.es\/ca\/celebramos-sant-joan-con-musica-baile-y-una-merienda-dulce\/\" target=\"_self\" aria-label=\"Celebramos Sant Joan con m\u00fasica, baile y una merienda dulce\"><img decoding=\"async\" width=\"1200\" height=\"680\" alt=\"Celebramos Sant Joan con m\u00fasica, baile y una merienda dulce\" src=\"https:\/\/residenciasantjordi.es\/wp-content\/uploads\/SantJoan2025.webp\" class=\"img-responsive wp-image-2292\" srcset=\"https:\/\/residenciasantjordi.es\/wp-content\/uploads\/SantJoan2025-200x113.webp 200w, https:\/\/residenciasantjordi.es\/wp-content\/uploads\/SantJoan2025-400x227.webp 400w, https:\/\/residenciasantjordi.es\/wp-content\/uploads\/SantJoan2025-600x340.webp 600w, https:\/\/residenciasantjordi.es\/wp-content\/uploads\/SantJoan2025-800x453.webp 800w, https:\/\/residenciasantjordi.es\/wp-content\/uploads\/SantJoan2025.webp 1200w\" sizes=\"(max-width: 640px) 100vw, 1200px\" \/><\/a><\/span><\/div><div class=\"fusion-image-element \" style=\"--awb-margin-top:-40px;--awb-caption-title-font-family:var(--h2_typography-font-family);--awb-caption-title-font-weight:var(--h2_typography-font-weight);--awb-caption-title-font-style:var(--h2_typography-font-style);--awb-caption-title-size:var(--h2_typography-font-size);--awb-caption-title-transform:var(--h2_typography-text-transform);--awb-caption-title-line-height:var(--h2_typography-line-height);--awb-caption-title-letter-spacing:var(--h2_typography-letter-spacing);\"><span class=\" fusion-imageframe imageframe-none imageframe-8 hover-type-none\" style=\"z-index:500;\"><img decoding=\"async\" width=\"425\" height=\"80\" alt=\"Residencia Sant Jordi, El Masnou, Barcelona - Centro acreditado CatSalut\" title=\"Residencia Sant Jordi, El Masnou, Barcelona &#8211; Centro acreditado CatSalut\" src=\"https:\/\/residenciasantjordi.es\/wp-content\/uploads\/brush-425-rojo.png\" class=\"img-responsive wp-image-1574\" srcset=\"https:\/\/residenciasantjordi.es\/wp-content\/uploads\/brush-425-rojo-200x38.png 200w, https:\/\/residenciasantjordi.es\/wp-content\/uploads\/brush-425-rojo-400x75.png 400w, https:\/\/residenciasantjordi.es\/wp-content\/uploads\/brush-425-rojo.png 425w\" sizes=\"(max-width: 640px) 100vw, 425px\" \/><\/span><\/div><div style=\"text-align:center;\"><a class=\"fusion-button button-flat fusion-button-default-size button-custom fusion-button-default button-5 fusion-button-default-span \" style=\"--awb-margin-top:5px;--awb-margin-bottom:0px;--awb-padding-top:0px;--awb-padding-right:0px;--awb-padding-bottom:0px;--awb-padding-left:0px;--button_accent_color:var(--awb-color3);--button_border_color:#ffffff;--button_accent_hover_color:var(--awb-color7);--button_border_hover_color:#ffffff;--button_border_width-top:0px;--button_border_width-right:0px;--button_border_width-bottom:0px;--button_border_width-left:0px;--button-border-radius-top-left:6px;--button-border-radius-top-right:6px;--button-border-radius-bottom-right:6px;--button-border-radius-bottom-left:6px;--button_gradient_top_color:#ffffff;--button_gradient_bottom_color:#ffffff;--button_gradient_top_color_hover:#ffffff;--button_gradient_bottom_color_hover:#ffffff;--button_text_transform:var(--awb-typography4-text-transform);--button_font_size:var(--awb-typography4-font-size);--button_line_height:var(--awb-typography4-line-height);--button_typography-letter-spacing:var(--awb-typography4-letter-spacing);--button_typography-font-family:var(--awb-typography4-font-family);--button_typography-font-weight:var(--awb-typography4-font-weight);--button_typography-font-style:var(--awb-typography4-font-style);\" target=\"_self\" href=\"https:\/\/residenciasantjordi.es\/ca\/celebramos-sant-joan-con-musica-baile-y-una-merienda-dulce\/\"><span class=\"fusion-button-text awb-button__text awb-button__text--default\">Blog<\/span><\/a><\/div><div class=\"fusion-title title fusion-title-11 fusion-sep-none fusion-title-center fusion-title-text fusion-title-size-div\" style=\"--awb-text-color:var(--awb-color8);--awb-margin-right:10px;--awb-margin-bottom:10px;--awb-margin-left:10px;--awb-margin-top-small:10px;--awb-margin-right-small:43px;--awb-margin-bottom-small:10px;--awb-margin-left-small:43px;--awb-margin-right-medium:43px;--awb-margin-left-medium:43px;--awb-link-hover-color:var(--awb-color3);--awb-font-size:18px;\"><div class=\"fusion-title-heading title-heading-center title-heading-tag fusion-responsive-typography-calculated\" style=\"font-family:var(--awb-typography3-font-family);font-weight:var(--awb-typography3-font-weight);font-style:var(--awb-typography3-font-style);margin:0;letter-spacing:var(--awb-typography3-letter-spacing);text-transform:var(--awb-typography3-text-transform);font-size:1em;--fontSize:18;--minFontSize:18;line-height:var(--awb-typography3-line-height);\"><a href=\"https:\/\/residenciasantjordi.es\/ca\/celebramos-sant-joan-con-musica-baile-y-una-merienda-dulce\/\" class=\"awb-custom-text-color awb-custom-text-hover-color\" target=\"_self\">Celebrem la revetlla de Sant Joan amb m\u00fasica, ball i un berenar dol\u00e7<\/a><\/div><\/div><\/div><\/div>\n<\/div><\/div><\/div><\/div><div class=\"fusion-layout-column fusion_builder_column fusion-builder-column-11 fusion_builder_column_2_5 2_5 fusion-flex-column fusion-flex-align-self-stretch\" style=\"--awb-bg-size:cover;--awb-width-large:40%;--awb-flex-grow:0;--awb-flex-shrink:0;--awb-margin-top-large:0px;--awb-spacing-right-large:4.8%;--awb-margin-bottom-large:20px;--awb-spacing-left-large:4.8%;--awb-width-medium:75%;--awb-order-medium:0;--awb-flex-grow-medium:0;--awb-flex-shrink-medium:0;--awb-spacing-right-medium:2.56%;--awb-spacing-left-medium:2.56%;--awb-width-small:100%;--awb-order-small:0;--awb-flex-grow-small:0;--awb-flex-shrink-small:0;--awb-margin-top-small:30px;--awb-spacing-right-small:1.92%;--awb-spacing-left-small:1.92%;\" data-scroll-devices=\"small-visibility,medium-visibility,large-visibility\"><div class=\"fusion-column-wrapper fusion-column-has-shadow fusion-flex-justify-content-center fusion-content-layout-column\"><div class=\"fusion-title title fusion-title-12 fusion-sep-none fusion-title-text fusion-title-size-two titulo1\" style=\"--awb-text-color:var(--awb-color3);--awb-margin-bottom:0px;--awb-margin-top-small:10px;--awb-margin-right-small:0px;--awb-margin-bottom-small:10px;--awb-margin-left-small:0px;--awb-font-size:var(--awb-typography1-font-size);\"><h2 class=\"fusion-title-heading title-heading-left fusion-responsive-typography-calculated\" style=\"font-family:var(--awb-typography1-font-family);font-weight:var(--awb-typography1-font-weight);font-style:var(--awb-typography1-font-style);margin:0;letter-spacing:var(--awb-typography1-letter-spacing);text-transform:var(--awb-typography1-text-transform);font-size:1em;--fontSize:48;line-height:var(--awb-typography1-line-height);\">Activitats que omplen de vida<\/h2><\/div><div class=\"fusion-title title fusion-title-13 fusion-sep-none fusion-title-text fusion-title-size-three\" style=\"--awb-margin-top:15px;--awb-margin-bottom:20px;--awb-margin-top-small:10px;--awb-margin-right-small:0px;--awb-margin-bottom-small:10px;--awb-margin-left-small:0px;--awb-font-size:24px;\"><h3 class=\"fusion-title-heading title-heading-left fusion-responsive-typography-calculated\" style=\"font-family:var(--awb-typography2-font-family);font-weight:var(--awb-typography2-font-weight);font-style:var(--awb-typography2-font-style);margin:0;letter-spacing:var(--awb-typography2-letter-spacing);text-transform:var(--awb-typography2-text-transform);font-size:1em;--fontSize:24;line-height:var(--awb-typography2-line-height);\">Aqu\u00ed no nom\u00e9s es cuida. Aqu\u00ed es viu<\/h3><\/div><div class=\"fusion-text fusion-text-8\" style=\"--awb-font-size:var(--awb-typography4-font-size);--awb-line-height:var(--awb-typography4-line-height);--awb-letter-spacing:var(--awb-typography4-letter-spacing);--awb-text-transform:var(--awb-typography4-text-transform);--awb-text-color:var(--awb-color8);--awb-text-font-family:var(--awb-typography4-font-family);--awb-text-font-weight:var(--awb-typography4-font-weight);--awb-text-font-style:var(--awb-typography4-font-style);\"><p>Les activitats i esdeveniments del dia a dia enriqueixen la vida dels nostres residents i tamb\u00e9 les seves fam\u00edlies. Des d\u2019excursions fins a celebracions especials, sempre hi ha cap\u00edtols a sumar a la seva hist\u00f2ria.<\/p>\n<\/div><div style=\"text-align:center;\"><a class=\"fusion-button button-flat fusion-button-default-size button-custom fusion-button-default button-6 fusion-button-default-span fusion-button-default-type\" style=\"--button_accent_color:var(--awb-color3);--button_border_color:var(--awb-color3);--button_accent_hover_color:var(--awb-color1);--button_border_hover_color:var(--awb-color1);--button_border_width-top:1px;--button_border_width-right:1px;--button_border_width-bottom:1px;--button_border_width-left:1px;--button_gradient_top_color:rgba(255,255,255,0.16);--button_gradient_bottom_color:rgba(255,255,255,0.16);--button_gradient_top_color_hover:var(--awb-color3);--button_gradient_bottom_color_hover:var(--awb-color3);\" target=\"_self\" href=\"#\"><span class=\"fusion-button-text awb-button__text awb-button__text--default\">El dia a dia en la Resid\u00e8ncia Sant Jordi<\/span><\/a><\/div><\/div><\/div><\/div><\/div><div class=\"fusion-fullwidth fullwidth-box fusion-builder-row-4 fusion-flex-container has-pattern-background has-mask-background nonhundred-percent-fullwidth non-hundred-percent-height-scrolling\" style=\"--awb-border-radius-top-left:0px;--awb-border-radius-top-right:0px;--awb-border-radius-bottom-right:0px;--awb-border-radius-bottom-left:0px;--awb-padding-top:50px;--awb-padding-bottom:50px;--awb-padding-top-small:32px;--awb-padding-bottom-small:16px;--awb-flex-wrap:wrap;\" ><div class=\"fusion-builder-row fusion-row fusion-flex-align-items-flex-start fusion-flex-justify-content-center fusion-flex-content-wrap\" style=\"max-width:calc( 1550px + 50px );margin-left: calc(-50px \/ 2 );margin-right: calc(-50px \/ 2 );\"><div class=\"fusion-layout-column fusion_builder_column fusion-builder-column-12 fusion_builder_column_4_5 4_5 fusion-flex-column fusion-flex-align-self-stretch\" style=\"--awb-bg-size:cover;--awb-width-large:80%;--awb-flex-grow:0;--awb-flex-shrink:0;--awb-margin-top-large:0px;--awb-spacing-right-large:25px;--awb-margin-bottom-large:30px;--awb-spacing-left-large:25px;--awb-width-medium:75%;--awb-order-medium:0;--awb-flex-grow-medium:0;--awb-flex-shrink-medium:0;--awb-spacing-right-medium:25px;--awb-spacing-left-medium:25px;--awb-width-small:100%;--awb-order-small:0;--awb-flex-grow-small:0;--awb-flex-shrink-small:0;--awb-spacing-right-small:25px;--awb-spacing-left-small:25px;\" data-scroll-devices=\"small-visibility,medium-visibility,large-visibility\"><div class=\"fusion-column-wrapper fusion-column-has-shadow fusion-flex-justify-content-center fusion-content-layout-column\"><div class=\"fusion-title title fusion-title-14 fusion-sep-none fusion-title-center fusion-title-text fusion-title-size-paragraph titulo1\" style=\"--awb-text-color:var(--awb-color3);--awb-margin-bottom:0px;--awb-margin-top-small:10px;--awb-margin-right-small:0px;--awb-margin-bottom-small:10px;--awb-margin-left-small:0px;--awb-font-size:65px;\"><p class=\"fusion-title-heading title-heading-center title-heading-tag fusion-responsive-typography-calculated\" style=\"font-family:var(--awb-typography1-font-family);font-weight:var(--awb-typography1-font-weight);font-style:var(--awb-typography1-font-style);margin:0;letter-spacing:var(--awb-typography1-letter-spacing);text-transform:var(--awb-typography1-text-transform);font-size:1em;--fontSize:65;line-height:var(--awb-typography1-line-height);\">T\u2019acompanyem en cada pas<\/p><\/div><div class=\"fusion-title title fusion-title-15 fusion-sep-none fusion-title-center fusion-title-text fusion-title-size-paragraph\" style=\"--awb-margin-top:0px;--awb-margin-bottom:3px;--awb-margin-top-small:10px;--awb-margin-right-small:0px;--awb-margin-bottom-small:10px;--awb-margin-left-small:0px;--awb-font-size:var(--awb-typography2-font-size);\"><p class=\"fusion-title-heading title-heading-center title-heading-tag fusion-responsive-typography-calculated\" style=\"font-family:var(--awb-typography2-font-family);font-weight:var(--awb-typography2-font-weight);font-style:var(--awb-typography2-font-style);margin:0;letter-spacing:var(--awb-typography2-letter-spacing);text-transform:var(--awb-typography2-text-transform);font-size:1em;--fontSize:24;line-height:var(--awb-typography2-line-height);\">Si no has trobat el que buscaves, continua explorant la nostra web<\/p><\/div><\/div><\/div><div class=\"fusion-layout-column fusion_builder_column fusion-builder-column-13 fusion_builder_column_1_4 1_4 fusion-flex-column fusion-flex-align-self-stretch fusion-column-inner-bg-wrapper\" style=\"--awb-padding-top:20px;--awb-padding-right:20px;--awb-padding-bottom:20px;--awb-padding-left:20px;--awb-overflow:hidden;--awb-inner-bg-color:var(--awb-color1);--awb-inner-bg-color-hover:var(--awb-color1);--awb-inner-bg-size:cover;--awb-box-shadow:0px 1px 2px 0px hsla(var(--awb-color8-h),var(--awb-color8-s),var(--awb-color8-l),calc(var(--awb-color8-a) - 84%));;--awb-border-color:var(--awb-color7);--awb-border-color-hover:var(--awb-color3);--awb-border-top:1px;--awb-border-right:1px;--awb-border-bottom:1px;--awb-border-left:1px;--awb-border-style:solid;--awb-border-radius:20px 20px 20px 20px;--awb-inner-bg-border-radius:20px 20px 20px 20px;--awb-inner-bg-overflow:hidden;--awb-transform:scaleX(1) scaleY(1);--awb-transform-hover:scaleX(1.02) scaleY(1.02);--awb-width-large:25%;--awb-flex-grow:0;--awb-flex-shrink:0;--awb-margin-top-large:0px;--awb-spacing-right-large:25px;--awb-margin-bottom-large:20px;--awb-spacing-left-large:25px;--awb-width-medium:25%;--awb-order-medium:14;--awb-flex-grow-medium:0;--awb-flex-shrink-medium:0;--awb-spacing-right-medium:25px;--awb-spacing-left-medium:25px;--awb-width-small:100%;--awb-order-small:0;--awb-flex-grow-small:0;--awb-flex-shrink-small:0;--awb-spacing-right-small:25px;--awb-spacing-left-small:25px;\" data-scroll-devices=\"small-visibility,medium-visibility,large-visibility\"><span class=\"fusion-column-inner-bg hover-type-none\"><a class=\"fusion-column-anchor\" href=\"https:\/\/residenciasantjordi.es\/ca\/residencia\/de-gent-gran\/\"><span class=\"fusion-column-inner-bg-image\"><\/span><\/a><\/span><div class=\"fusion-column-wrapper fusion-column-has-shadow fusion-flex-justify-content-flex-start fusion-content-layout-column\"><a class=\"fb-icon-element-5 fb-icon-element fontawesome-icon icon-residenciasantjordi circle-no fusion-link\" style=\"--awb-iconcolor:var(--awb-color3);--awb-iconcolor-hover:var(--awb-color3);--awb-circlecolor:var(--awb-color3);--awb-font-size:75px;--awb-margin-top:0;--awb-margin-right:0;--awb-margin-bottom:0;--awb-margin-left:0;--awb-align-self:center;\" href=\"#\" target=\"_self\" aria-label=\"Link to #\"><\/a><div class=\"fusion-title title fusion-title-16 fusion-sep-none fusion-title-center fusion-title-text fusion-title-size-div\" style=\"--awb-text-color:var(--awb-color8);--awb-margin-top:20px;--awb-margin-bottom:0px;--awb-margin-top-small:10px;--awb-margin-right-small:0px;--awb-margin-bottom-small:10px;--awb-margin-left-small:0px;--awb-font-size:var(--awb-typography3-font-size);\"><div class=\"fusion-title-heading title-heading-center title-heading-tag fusion-responsive-typography-calculated\" style=\"font-family:var(--awb-typography3-font-family);font-weight:var(--awb-typography3-font-weight);font-style:var(--awb-typography3-font-style);margin:0;letter-spacing:var(--awb-typography3-letter-spacing);text-transform:var(--awb-typography3-text-transform);font-size:1em;--fontSize:21;--minFontSize:21;line-height:var(--awb-typography3-line-height);\">Coneix-nos<\/div><\/div><div class=\"fusion-text fusion-text-9\"><p>Est\u00e0s comen\u00e7ant a informar-te? El primer pas \u00e9s con\u00e8ixer-nos<\/p>\n<\/div><\/div><\/div><div class=\"fusion-layout-column fusion_builder_column fusion-builder-column-14 fusion_builder_column_1_4 1_4 fusion-flex-column fusion-flex-align-self-stretch fusion-column-inner-bg-wrapper\" style=\"--awb-padding-top:20px;--awb-padding-right:20px;--awb-padding-bottom:20px;--awb-padding-left:20px;--awb-overflow:hidden;--awb-inner-bg-color:var(--awb-color1);--awb-inner-bg-color-hover:var(--awb-color1);--awb-inner-bg-size:cover;--awb-box-shadow:0px 1px 2px 0px hsla(var(--awb-color8-h),var(--awb-color8-s),var(--awb-color8-l),calc(var(--awb-color8-a) - 84%));;--awb-border-color:var(--awb-color7);--awb-border-color-hover:var(--awb-color3);--awb-border-top:1px;--awb-border-right:1px;--awb-border-bottom:1px;--awb-border-left:1px;--awb-border-style:solid;--awb-border-radius:20px 20px 20px 20px;--awb-inner-bg-border-radius:20px 20px 20px 20px;--awb-inner-bg-overflow:hidden;--awb-transform:scaleX(1) scaleY(1);--awb-transform-hover:scaleX(1.02) scaleY(1.02);--awb-width-large:25%;--awb-flex-grow:0;--awb-flex-shrink:0;--awb-margin-top-large:0px;--awb-spacing-right-large:25px;--awb-margin-bottom-large:20px;--awb-spacing-left-large:25px;--awb-width-medium:25%;--awb-order-medium:14;--awb-flex-grow-medium:0;--awb-flex-shrink-medium:0;--awb-spacing-right-medium:25px;--awb-spacing-left-medium:25px;--awb-width-small:100%;--awb-order-small:0;--awb-flex-grow-small:0;--awb-flex-shrink-small:0;--awb-spacing-right-small:25px;--awb-spacing-left-small:25px;\" data-scroll-devices=\"small-visibility,medium-visibility,large-visibility\"><span class=\"fusion-column-inner-bg hover-type-none\"><a class=\"fusion-column-anchor\" href=\"https:\/\/residenciasantjordi.es\/ca\/residencia\/servicios-cat\/\"><span class=\"fusion-column-inner-bg-image\"><\/span><\/a><\/span><div class=\"fusion-column-wrapper fusion-column-has-shadow fusion-flex-justify-content-flex-start fusion-content-layout-column\"><a class=\"fb-icon-element-6 fb-icon-element fontawesome-icon icon-servicios circle-no fusion-link\" style=\"--awb-iconcolor:var(--awb-color3);--awb-iconcolor-hover:var(--awb-color3);--awb-circlecolor:var(--awb-color3);--awb-font-size:65px;--awb-margin-top:0;--awb-margin-right:0;--awb-margin-bottom:0;--awb-margin-left:0;--awb-align-self:center;\" href=\"#\" target=\"_self\" aria-label=\"Link to #\"><\/a><div class=\"fusion-title title fusion-title-17 fusion-sep-none fusion-title-center fusion-title-text fusion-title-size-div\" style=\"--awb-text-color:var(--awb-color8);--awb-margin-top:20px;--awb-margin-bottom:0px;--awb-margin-top-small:10px;--awb-margin-right-small:0px;--awb-margin-bottom-small:10px;--awb-margin-left-small:0px;--awb-font-size:var(--awb-typography3-font-size);\"><div class=\"fusion-title-heading title-heading-center title-heading-tag fusion-responsive-typography-calculated\" style=\"font-family:var(--awb-typography3-font-family);font-weight:var(--awb-typography3-font-weight);font-style:var(--awb-typography3-font-style);margin:0;letter-spacing:var(--awb-typography3-letter-spacing);text-transform:var(--awb-typography3-text-transform);font-size:1em;--fontSize:21;--minFontSize:21;line-height:var(--awb-typography3-line-height);\">Serveis<\/div><\/div><div class=\"fusion-text fusion-text-10\"><p>Oferim una atenci\u00f3 integral per a garantir la qualitat de vida<\/p>\n<\/div><\/div><\/div><div class=\"fusion-layout-column fusion_builder_column fusion-builder-column-15 fusion_builder_column_1_4 1_4 fusion-flex-column fusion-flex-align-self-stretch fusion-column-inner-bg-wrapper\" style=\"--awb-padding-top:20px;--awb-padding-right:20px;--awb-padding-bottom:20px;--awb-padding-left:20px;--awb-overflow:hidden;--awb-inner-bg-color:var(--awb-color1);--awb-inner-bg-color-hover:var(--awb-color1);--awb-inner-bg-size:cover;--awb-box-shadow:0px 1px 2px 0px hsla(var(--awb-color8-h),var(--awb-color8-s),var(--awb-color8-l),calc(var(--awb-color8-a) - 84%));;--awb-border-color:var(--awb-color7);--awb-border-color-hover:var(--awb-color3);--awb-border-top:1px;--awb-border-right:1px;--awb-border-bottom:1px;--awb-border-left:1px;--awb-border-style:solid;--awb-border-radius:20px 20px 20px 20px;--awb-inner-bg-border-radius:20px 20px 20px 20px;--awb-inner-bg-overflow:hidden;--awb-transform:scaleX(1) scaleY(1);--awb-transform-hover:scaleX(1.02) scaleY(1.02);--awb-width-large:25%;--awb-flex-grow:0;--awb-flex-shrink:0;--awb-margin-top-large:0px;--awb-spacing-right-large:25px;--awb-margin-bottom-large:20px;--awb-spacing-left-large:25px;--awb-width-medium:25%;--awb-order-medium:14;--awb-flex-grow-medium:0;--awb-flex-shrink-medium:0;--awb-spacing-right-medium:25px;--awb-spacing-left-medium:25px;--awb-width-small:100%;--awb-order-small:0;--awb-flex-grow-small:0;--awb-flex-shrink-small:0;--awb-spacing-right-small:25px;--awb-spacing-left-small:25px;\" data-scroll-devices=\"small-visibility,medium-visibility,large-visibility\"><span class=\"fusion-column-inner-bg hover-type-none\"><a class=\"fusion-column-anchor\" href=\"https:\/\/residenciasantjordi.es\/ca\/residencia\/places-i-preus\/\"><span class=\"fusion-column-inner-bg-image\"><\/span><\/a><\/span><div class=\"fusion-column-wrapper fusion-column-has-shadow fusion-flex-justify-content-flex-start fusion-content-layout-column\"><a class=\"fb-icon-element-7 fb-icon-element fontawesome-icon icon-faqs circle-no fusion-link\" style=\"--awb-iconcolor:var(--awb-color3);--awb-iconcolor-hover:var(--awb-color3);--awb-circlecolor:var(--awb-color3);--awb-font-size:65px;--awb-margin-top:0;--awb-margin-right:0;--awb-margin-bottom:0;--awb-margin-left:0;--awb-align-self:center;\" href=\"#\" target=\"_self\" aria-label=\"Link to #\"><\/a><div class=\"fusion-title title fusion-title-18 fusion-sep-none fusion-title-center fusion-title-text fusion-title-size-div\" style=\"--awb-text-color:var(--awb-color8);--awb-margin-top:20px;--awb-margin-bottom:0px;--awb-margin-top-small:10px;--awb-margin-right-small:0px;--awb-margin-bottom-small:10px;--awb-margin-left-small:0px;--awb-font-size:var(--awb-typography3-font-size);\"><div class=\"fusion-title-heading title-heading-center title-heading-tag fusion-responsive-typography-calculated\" style=\"font-family:var(--awb-typography3-font-family);font-weight:var(--awb-typography3-font-weight);font-style:var(--awb-typography3-font-style);margin:0;letter-spacing:var(--awb-typography3-letter-spacing);text-transform:var(--awb-typography3-text-transform);font-size:1em;--fontSize:21;--minFontSize:21;line-height:var(--awb-typography3-line-height);\">FAQs<\/div><\/div><div class=\"fusion-text fusion-text-11\"><p>Si tens algun dubte, caminar amb companyia et proporcionar\u00e0 tranquil\u00b7litat<\/p>\n<\/div><\/div><\/div><div class=\"fusion-layout-column fusion_builder_column fusion-builder-column-16 fusion_builder_column_1_4 1_4 fusion-flex-column fusion-flex-align-self-stretch fusion-column-inner-bg-wrapper\" style=\"--awb-padding-top:20px;--awb-padding-right:20px;--awb-padding-bottom:20px;--awb-padding-left:20px;--awb-overflow:hidden;--awb-inner-bg-color:var(--awb-color1);--awb-inner-bg-color-hover:var(--awb-color1);--awb-inner-bg-size:cover;--awb-box-shadow:0px 1px 2px 0px hsla(var(--awb-color8-h),var(--awb-color8-s),var(--awb-color8-l),calc(var(--awb-color8-a) - 84%));;--awb-border-color:var(--awb-color7);--awb-border-color-hover:var(--awb-color3);--awb-border-top:1px;--awb-border-right:1px;--awb-border-bottom:1px;--awb-border-left:1px;--awb-border-style:solid;--awb-border-radius:20px 20px 20px 20px;--awb-inner-bg-border-radius:20px 20px 20px 20px;--awb-inner-bg-overflow:hidden;--awb-transform:scaleX(1) scaleY(1);--awb-transform-hover:scaleX(1.02) scaleY(1.02);--awb-width-large:25%;--awb-flex-grow:0;--awb-flex-shrink:0;--awb-margin-top-large:0px;--awb-spacing-right-large:25px;--awb-margin-bottom-large:20px;--awb-spacing-left-large:25px;--awb-width-medium:25%;--awb-order-medium:14;--awb-flex-grow-medium:0;--awb-flex-shrink-medium:0;--awb-spacing-right-medium:25px;--awb-spacing-left-medium:25px;--awb-width-small:100%;--awb-order-small:0;--awb-flex-grow-small:0;--awb-flex-shrink-small:0;--awb-spacing-right-small:25px;--awb-spacing-left-small:25px;\" data-scroll-devices=\"small-visibility,medium-visibility,large-visibility\"><span class=\"fusion-column-inner-bg hover-type-none\"><a class=\"fusion-column-anchor\" href=\"\/ca\/residencia-en-el-centre-del-masnou\/\"><span class=\"fusion-column-inner-bg-image\"><\/span><\/a><\/span><div class=\"fusion-column-wrapper fusion-column-has-shadow fusion-flex-justify-content-flex-start fusion-content-layout-column\"><a class=\"fb-icon-element-8 fb-icon-element fontawesome-icon icon-contacto circle-no fusion-link\" style=\"--awb-iconcolor:var(--awb-color3);--awb-iconcolor-hover:var(--awb-color3);--awb-circlecolor:var(--awb-color3);--awb-font-size:65px;--awb-margin-top:0;--awb-margin-right:0;--awb-margin-bottom:0;--awb-margin-left:0;--awb-align-self:center;\" href=\"#\" target=\"_self\" aria-label=\"Link to #\"><\/a><div class=\"fusion-title title fusion-title-19 fusion-sep-none fusion-title-center fusion-title-text fusion-title-size-div\" style=\"--awb-text-color:var(--awb-color8);--awb-margin-top:20px;--awb-margin-bottom:0px;--awb-margin-top-small:10px;--awb-margin-right-small:0px;--awb-margin-bottom-small:10px;--awb-margin-left-small:0px;--awb-font-size:var(--awb-typography3-font-size);\"><div class=\"fusion-title-heading title-heading-center title-heading-tag fusion-responsive-typography-calculated\" style=\"font-family:var(--awb-typography3-font-family);font-weight:var(--awb-typography3-font-weight);font-style:var(--awb-typography3-font-style);margin:0;letter-spacing:var(--awb-typography3-letter-spacing);text-transform:var(--awb-typography3-text-transform);font-size:1em;--fontSize:21;--minFontSize:21;line-height:var(--awb-typography3-line-height);\">Contacte<\/div><\/div><div class=\"fusion-text fusion-text-12\"><p>Si vols veure com arribar o necessites atenci\u00f3 personal, estem aqu\u00ed<\/p>\n<\/div><\/div><\/div><\/div><\/div><\/p>\n","protected":false},"excerpt":{"rendered":"","protected":false},"author":1,"featured_media":1650,"parent":0,"menu_order":0,"comment_status":"closed","ping_status":"closed","template":"100-width.php","meta":{"footnotes":""},"class_list":["post-1750","page","type-page","status-publish","has-post-thumbnail","hentry"],"yoast_head":"<!-- This site is optimized with the Yoast SEO plugin v27.4 - https:\/\/yoast.com\/product\/yoast-seo-wordpress\/ -->\n<title>Informaci\u00f3 per a residents - Resid\u00e8ncia Sant Jordi, El Masnou<\/title>\n<meta name=\"description\" content=\"Espai per a fam\u00edlies de residents, amb informaci\u00f3 de benvinguda, agenda d\u2019activitats i servei de gesti\u00f3 de cites.\" \/>\n<meta name=\"robots\" content=\"index, follow, max-snippet:-1, max-image-preview:large, max-video-preview:-1\" \/>\n<link rel=\"canonical\" href=\"https:\/\/residenciasantjordi.es\/ca\/vida-a-la-residencia\/\" \/>\n<meta property=\"og:locale\" content=\"ca_ES\" \/>\n<meta property=\"og:type\" content=\"article\" \/>\n<meta property=\"og:title\" content=\"Informaci\u00f3 per a residents - Resid\u00e8ncia Sant Jordi, El Masnou\" \/>\n<meta property=\"og:description\" content=\"Espai per a fam\u00edlies de residents, amb informaci\u00f3 de benvinguda, agenda d\u2019activitats i servei de gesti\u00f3 de cites.\" \/>\n<meta property=\"og:url\" content=\"https:\/\/residenciasantjordi.es\/ca\/vida-a-la-residencia\/\" \/>\n<meta property=\"og:site_name\" content=\"Residencia Sant Jordi\" \/>\n<meta property=\"article:modified_time\" content=\"2025-04-16T13:46:43+00:00\" \/>\n<meta property=\"og:image\" content=\"https:\/\/residenciasantjordi.es\/wp-content\/uploads\/c-vida-residencia-sant-jordi-2.webp\" \/>\n\t<meta property=\"og:image:width\" content=\"802\" \/>\n\t<meta property=\"og:image:height\" content=\"400\" \/>\n\t<meta property=\"og:image:type\" content=\"image\/webp\" \/>\n<meta name=\"twitter:card\" content=\"summary_large_image\" \/>\n<meta name=\"twitter:label1\" content=\"Temps estimat de lectura\" \/>\n\t<meta name=\"twitter:data1\" content=\"3 minuts\" \/>\n<script type=\"application\/ld+json\" class=\"yoast-schema-graph\">{\"@context\":\"https:\\\/\\\/schema.org\",\"@graph\":[{\"@type\":\"WebPage\",\"@id\":\"https:\\\/\\\/residenciasantjordi.es\\\/ca\\\/vida-a-la-residencia\\\/\",\"url\":\"https:\\\/\\\/residenciasantjordi.es\\\/ca\\\/vida-a-la-residencia\\\/\",\"name\":\"Informaci\u00f3 per a residents - Resid\u00e8ncia Sant Jordi, El Masnou\",\"isPartOf\":{\"@id\":\"https:\\\/\\\/residenciasantjordi.es\\\/ca\\\/#website\"},\"primaryImageOfPage\":{\"@id\":\"https:\\\/\\\/residenciasantjordi.es\\\/ca\\\/vida-a-la-residencia\\\/#primaryimage\"},\"image\":{\"@id\":\"https:\\\/\\\/residenciasantjordi.es\\\/ca\\\/vida-a-la-residencia\\\/#primaryimage\"},\"thumbnailUrl\":\"https:\\\/\\\/residenciasantjordi.es\\\/wp-content\\\/uploads\\\/c-vida-residencia-sant-jordi-2.webp\",\"datePublished\":\"2025-03-07T12:51:56+00:00\",\"dateModified\":\"2025-04-16T13:46:43+00:00\",\"description\":\"Espai per a fam\u00edlies de residents, amb informaci\u00f3 de benvinguda, agenda d\u2019activitats i servei de gesti\u00f3 de cites.\",\"breadcrumb\":{\"@id\":\"https:\\\/\\\/residenciasantjordi.es\\\/ca\\\/vida-a-la-residencia\\\/#breadcrumb\"},\"inLanguage\":\"ca\",\"potentialAction\":[{\"@type\":\"ReadAction\",\"target\":[\"https:\\\/\\\/residenciasantjordi.es\\\/ca\\\/vida-a-la-residencia\\\/\"]}]},{\"@type\":\"ImageObject\",\"inLanguage\":\"ca\",\"@id\":\"https:\\\/\\\/residenciasantjordi.es\\\/ca\\\/vida-a-la-residencia\\\/#primaryimage\",\"url\":\"https:\\\/\\\/residenciasantjordi.es\\\/wp-content\\\/uploads\\\/c-vida-residencia-sant-jordi-2.webp\",\"contentUrl\":\"https:\\\/\\\/residenciasantjordi.es\\\/wp-content\\\/uploads\\\/c-vida-residencia-sant-jordi-2.webp\",\"width\":802,\"height\":400,\"caption\":\"Resid\u00e8ncia Sant Jordi, El Masnou\"},{\"@type\":\"BreadcrumbList\",\"@id\":\"https:\\\/\\\/residenciasantjordi.es\\\/ca\\\/vida-a-la-residencia\\\/#breadcrumb\",\"itemListElement\":[{\"@type\":\"ListItem\",\"position\":1,\"name\":\"Inicio\",\"item\":\"https:\\\/\\\/residenciasantjordi.es\\\/ca\\\/\"},{\"@type\":\"ListItem\",\"position\":2,\"name\":\"Vida a la resid\u00e8ncia\"}]},{\"@type\":\"WebSite\",\"@id\":\"https:\\\/\\\/residenciasantjordi.es\\\/ca\\\/#website\",\"url\":\"https:\\\/\\\/residenciasantjordi.es\\\/ca\\\/\",\"name\":\"Residencia Sant Jordi\",\"description\":\"Residencia Sant Jordi\",\"potentialAction\":[{\"@type\":\"SearchAction\",\"target\":{\"@type\":\"EntryPoint\",\"urlTemplate\":\"https:\\\/\\\/residenciasantjordi.es\\\/ca\\\/?s={search_term_string}\"},\"query-input\":{\"@type\":\"PropertyValueSpecification\",\"valueRequired\":true,\"valueName\":\"search_term_string\"}}],\"inLanguage\":\"ca\"}]}<\/script>\n<!-- \/ Yoast SEO plugin. -->","yoast_head_json":{"title":"Informaci\u00f3 per a residents - Resid\u00e8ncia Sant Jordi, El Masnou","description":"Espai per a fam\u00edlies de residents, amb informaci\u00f3 de benvinguda, agenda d\u2019activitats i servei de gesti\u00f3 de cites.","robots":{"index":"index","follow":"follow","max-snippet":"max-snippet:-1","max-image-preview":"max-image-preview:large","max-video-preview":"max-video-preview:-1"},"canonical":"https:\/\/residenciasantjordi.es\/ca\/vida-a-la-residencia\/","og_locale":"ca_ES","og_type":"article","og_title":"Informaci\u00f3 per a residents - Resid\u00e8ncia Sant Jordi, El Masnou","og_description":"Espai per a fam\u00edlies de residents, amb informaci\u00f3 de benvinguda, agenda d\u2019activitats i servei de gesti\u00f3 de cites.","og_url":"https:\/\/residenciasantjordi.es\/ca\/vida-a-la-residencia\/","og_site_name":"Residencia Sant Jordi","article_modified_time":"2025-04-16T13:46:43+00:00","og_image":[{"width":802,"height":400,"url":"https:\/\/residenciasantjordi.es\/wp-content\/uploads\/c-vida-residencia-sant-jordi-2.webp","type":"image\/webp"}],"twitter_card":"summary_large_image","twitter_misc":{"Temps estimat de lectura":"3 minuts"},"schema":{"@context":"https:\/\/schema.org","@graph":[{"@type":"WebPage","@id":"https:\/\/residenciasantjordi.es\/ca\/vida-a-la-residencia\/","url":"https:\/\/residenciasantjordi.es\/ca\/vida-a-la-residencia\/","name":"Informaci\u00f3 per a residents - Resid\u00e8ncia Sant Jordi, El Masnou","isPartOf":{"@id":"https:\/\/residenciasantjordi.es\/ca\/#website"},"primaryImageOfPage":{"@id":"https:\/\/residenciasantjordi.es\/ca\/vida-a-la-residencia\/#primaryimage"},"image":{"@id":"https:\/\/residenciasantjordi.es\/ca\/vida-a-la-residencia\/#primaryimage"},"thumbnailUrl":"https:\/\/residenciasantjordi.es\/wp-content\/uploads\/c-vida-residencia-sant-jordi-2.webp","datePublished":"2025-03-07T12:51:56+00:00","dateModified":"2025-04-16T13:46:43+00:00","description":"Espai per a fam\u00edlies de residents, amb informaci\u00f3 de benvinguda, agenda d\u2019activitats i servei de gesti\u00f3 de cites.","breadcrumb":{"@id":"https:\/\/residenciasantjordi.es\/ca\/vida-a-la-residencia\/#breadcrumb"},"inLanguage":"ca","potentialAction":[{"@type":"ReadAction","target":["https:\/\/residenciasantjordi.es\/ca\/vida-a-la-residencia\/"]}]},{"@type":"ImageObject","inLanguage":"ca","@id":"https:\/\/residenciasantjordi.es\/ca\/vida-a-la-residencia\/#primaryimage","url":"https:\/\/residenciasantjordi.es\/wp-content\/uploads\/c-vida-residencia-sant-jordi-2.webp","contentUrl":"https:\/\/residenciasantjordi.es\/wp-content\/uploads\/c-vida-residencia-sant-jordi-2.webp","width":802,"height":400,"caption":"Resid\u00e8ncia Sant Jordi, El Masnou"},{"@type":"BreadcrumbList","@id":"https:\/\/residenciasantjordi.es\/ca\/vida-a-la-residencia\/#breadcrumb","itemListElement":[{"@type":"ListItem","position":1,"name":"Inicio","item":"https:\/\/residenciasantjordi.es\/ca\/"},{"@type":"ListItem","position":2,"name":"Vida a la resid\u00e8ncia"}]},{"@type":"WebSite","@id":"https:\/\/residenciasantjordi.es\/ca\/#website","url":"https:\/\/residenciasantjordi.es\/ca\/","name":"Residencia Sant Jordi","description":"Residencia Sant Jordi","potentialAction":[{"@type":"SearchAction","target":{"@type":"EntryPoint","urlTemplate":"https:\/\/residenciasantjordi.es\/ca\/?s={search_term_string}"},"query-input":{"@type":"PropertyValueSpecification","valueRequired":true,"valueName":"search_term_string"}}],"inLanguage":"ca"}]}},"_links":{"self":[{"href":"https:\/\/residenciasantjordi.es\/ca\/wp-json\/wp\/v2\/pages\/1750","targetHints":{"allow":["GET"]}}],"collection":[{"href":"https:\/\/residenciasantjordi.es\/ca\/wp-json\/wp\/v2\/pages"}],"about":[{"href":"https:\/\/residenciasantjordi.es\/ca\/wp-json\/wp\/v2\/types\/page"}],"author":[{"embeddable":true,"href":"https:\/\/residenciasantjordi.es\/ca\/wp-json\/wp\/v2\/users\/1"}],"replies":[{"embeddable":true,"href":"https:\/\/residenciasantjordi.es\/ca\/wp-json\/wp\/v2\/comments?post=1750"}],"version-history":[{"count":6,"href":"https:\/\/residenciasantjordi.es\/ca\/wp-json\/wp\/v2\/pages\/1750\/revisions"}],"predecessor-version":[{"id":2185,"href":"https:\/\/residenciasantjordi.es\/ca\/wp-json\/wp\/v2\/pages\/1750\/revisions\/2185"}],"wp:featuredmedia":[{"embeddable":true,"href":"https:\/\/residenciasantjordi.es\/ca\/wp-json\/wp\/v2\/media\/1650"}],"wp:attachment":[{"href":"https:\/\/residenciasantjordi.es\/ca\/wp-json\/wp\/v2\/media?parent=1750"}],"curies":[{"name":"wp","href":"https:\/\/api.w.org\/{rel}","templated":true}]}}